{"id":2812,"date":"2022-04-03T14:22:54","date_gmt":"2022-04-03T11:22:54","guid":{"rendered":"https:\/\/focolare.ro\/2022-januar\/"},"modified":"2024-04-26T18:46:42","modified_gmt":"2024-04-26T15:46:42","slug":"2022-januar","status":"publish","type":"page","link":"https:\/\/focolare.ro\/hu\/az-elet-igeje\/az-elet-igeje-2022\/2022-januar\/","title":{"rendered":"2022. Janu\u00e1r"},"content":{"rendered":"<p><div class=\"fusion-fullwidth fullwidth-box fusion-builder-row-1 fusion-flex-container fusion-parallax-none nonhundred-percent-fullwidth non-hundred-percent-height-scrolling lazyload\" style=\"--awb-border-radius-top-left:0px;--awb-border-radius-top-right:0px;--awb-border-radius-bottom-right:0px;--awb-border-radius-bottom-left:0px;--awb-background-color:var(--awb-custom14);--awb-background-size:cover;--awb-flex-wrap:wrap;\" data-bg=\"https:\/\/focolare.ro\/wp-content\/uploads\/2022\/05\/PdV-01-2022-1.jpg\" ><div class=\"fusion-builder-row fusion-row fusion-flex-align-items-flex-start fusion-flex-content-wrap\" style=\"max-width:1216.8px;margin-left: calc(-4% \/ 2 );margin-right: calc(-4% \/ 2 );\"><div class=\"fusion-layout-column fusion_builder_column fusion-builder-column-0 fusion_builder_column_1_1 1_1 fusion-flex-column\" style=\"--awb-bg-size:cover;--awb-width-large:100%;--awb-margin-top-large:0px;--awb-spacing-right-large:1.92%;--awb-margin-bottom-large:20px;--awb-spacing-left-large:1.92%;--awb-width-medium:100%;--awb-order-medium:0;--awb-spacing-right-medium:1.92%;--awb-spacing-left-medium:1.92%;--awb-width-small:100%;--awb-order-small:0;--awb-spacing-right-small:1.92%;--awb-spacing-left-small:1.92%;\"><div class=\"fusion-column-wrapper fusion-column-has-shadow fusion-flex-justify-content-flex-start fusion-content-layout-column\"><div class=\"fusion-separator fusion-full-width-sep\" style=\"align-self: center;margin-left: auto;margin-right: auto;margin-bottom:200px;width:100%;\"><\/div><div class=\"fusion-title title fusion-title-1 fusion-sep-none fusion-title-text fusion-title-size-two\" style=\"--awb-text-color:var(--awb-color1);\"><h2 class=\"fusion-title-heading title-heading-left\" style=\"margin:0;\">2022. Janu\u00e1r<\/h2><\/div><\/div><\/div><\/div><\/div><div class=\"fusion-fullwidth fullwidth-box fusion-builder-row-2 fusion-flex-container nonhundred-percent-fullwidth non-hundred-percent-height-scrolling\" style=\"--awb-border-radius-top-left:0px;--awb-border-radius-top-right:0px;--awb-border-radius-bottom-right:0px;--awb-border-radius-bottom-left:0px;--awb-background-color:var(--awb-color1);--awb-flex-wrap:wrap;\" ><div class=\"fusion-builder-row fusion-row fusion-flex-align-items-flex-start fusion-flex-content-wrap\" style=\"max-width:1216.8px;margin-left: calc(-4% \/ 2 );margin-right: calc(-4% \/ 2 );\"><div class=\"fusion-layout-column fusion_builder_column fusion-builder-column-1 fusion_builder_column_1_1 1_1 fusion-flex-column\" style=\"--awb-bg-size:cover;--awb-width-large:100%;--awb-margin-top-large:0px;--awb-spacing-right-large:1.92%;--awb-margin-bottom-large:20px;--awb-spacing-left-large:1.92%;--awb-width-medium:100%;--awb-order-medium:0;--awb-spacing-right-medium:1.92%;--awb-spacing-left-medium:1.92%;--awb-width-small:100%;--awb-order-small:0;--awb-spacing-right-small:1.92%;--awb-spacing-left-small:1.92%;\"><div class=\"fusion-column-wrapper fusion-column-has-shadow fusion-flex-justify-content-flex-start fusion-content-layout-column\"><div class=\"fusion-separator fusion-full-width-sep\" style=\"align-self: center;margin-left: auto;margin-right: auto;margin-bottom:100px;width:100%;\"><\/div><\/div><\/div><\/div><\/div><div class=\"fusion-fullwidth fullwidth-box fusion-builder-row-3 fusion-flex-container nonhundred-percent-fullwidth non-hundred-percent-height-scrolling\" style=\"--awb-border-radius-top-left:0px;--awb-border-radius-top-right:0px;--awb-border-radius-bottom-right:0px;--awb-border-radius-bottom-left:0px;--awb-flex-wrap:wrap;\" ><div class=\"fusion-builder-row fusion-row fusion-flex-align-items-flex-start fusion-flex-content-wrap\" style=\"max-width:1216.8px;margin-left: calc(-4% \/ 2 );margin-right: calc(-4% \/ 2 );\"><div class=\"fusion-layout-column fusion_builder_column fusion-builder-column-2 fusion_builder_column_2_3 2_3 fusion-flex-column\" style=\"--awb-bg-size:cover;--awb-width-large:66.666666666667%;--awb-margin-top-large:0px;--awb-spacing-right-large:2.88%;--awb-margin-bottom-large:20px;--awb-spacing-left-large:2.88%;--awb-width-medium:100%;--awb-order-medium:0;--awb-spacing-right-medium:1.92%;--awb-spacing-left-medium:1.92%;--awb-width-small:100%;--awb-order-small:0;--awb-spacing-right-small:1.92%;--awb-spacing-left-small:1.92%;\"><div class=\"fusion-column-wrapper fusion-column-has-shadow fusion-flex-justify-content-flex-start fusion-content-layout-column\"><div class=\"fusion-text fusion-text-1\" style=\"--awb-text-transform:none;\"><h3>2022. Janu\u00e1r<\/h3>\n<h4><strong>\u201eL\u00e1ttuk csillag\u00e1t napkeleten, \u00e9s elj\u00f6tt\u00fcnk, hogy im\u00e1djuk \u0151t.\u201d<a href=\"#_ftn1\" name=\"_ftnref1\">[1]<\/a><\/strong><\/h4>\n<p>Ezekr\u0151l a szavakr\u00f3l csak M\u00e1t\u00e9 evang\u00e9liuma sz\u00e1mol be. N\u00e9h\u00e1ny \u201etud\u00f3s\u201d sz\u00e1j\u00e1b\u00f3l hangzottak el, akik messzir\u0151l, jobb\u00e1ra titokzatos m\u00f3don \u00e9rkeztek a Kisj\u00e9zus l\u00e1togat\u00e1s\u00e1ra.<\/p>\n<p>Egy kicsiny csoportr\u00f3l van sz\u00f3, akik egy halv\u00e1ny f\u00e9nyt k\u00f6vetve nagyon hossz\u00fa utat tettek meg egy er\u0151sebb, egyetemes F\u00e9ny, a vil\u00e1gban m\u00e1r megsz\u00fcletett \u00e9s jelen l\u00e9v\u0151 Kir\u00e1ly fel\u00e9. Nem is tudunk r\u00f3luk enn\u00e9l t\u00f6bbet, de kereszt\u00e9ny \u00e9let\u00fcnkre vonatkoz\u00f3an nagyon elgondolkodtat\u00f3 ez a r\u00e9szletgazdag esem\u00e9ny.<\/p>\n<p>Id\u00e9n ezt a mondatot v\u00e1lasztott\u00e1k a k\u00f6zel-keleti kereszt\u00e9nyek az egys\u00e9g imahet\u00e9nek mott\u00f3j\u00e1ul<a href=\"#_ftn2\" name=\"_ftnref2\">[2]<\/a>. J\u00f3 lehet\u0151s\u00e9g ez arra, hogy egy\u00fctt induljunk tov\u00e1bb, k\u00f6lcs\u00f6n\u00f6sen befogadva egym\u00e1st, \u00e9s mindenekel\u0151tt Isten terv\u00e9t, hogy az \u0151 szeretet\u00e9r\u0151l tegy\u00fcnk tan\u00fas\u00e1got a f\u00f6ld\u00f6n minden ember \u00e9s minden n\u00e9p el\u0151tt.<\/p>\n<p><strong>\u201eL\u00e1ttuk csillag\u00e1t napkeleten, \u00e9s elj\u00f6tt\u00fcnk, hogy im\u00e1djuk \u0151t.\u201d<\/strong><\/p>\n<p>A k\u00f6zel-keleti kereszt\u00e9nyek \u00edgy \u00edrnak az imah\u00e9tre k\u00e9sz\u00fclt dokumentumban: \u201eA J\u00fadea eg\u00e9n felt\u0171nt csillag a rem\u00e9ny r\u00e9gen v\u00e1rt jele, amely a b\u00f6lcseket \u2013 \u00e9s val\u00f3j\u00e1ban a f\u00f6ld minden n\u00e9p\u00e9t \u2013 oda vez\u00e9rli, ahol az igaz Kir\u00e1ly \u00e9s Megv\u00e1lt\u00f3 megnyilatkozik. Aj\u00e1nd\u00e9k ez a csillag, Isten szeret\u0151 jelenl\u00e9t\u00e9nek jele az eg\u00e9sz emberis\u00e9g sz\u00e1m\u00e1ra. [\u2026] A keletr\u0151l elindult b\u00f6lcsek \u2013 m\u00e1gusok, csillag\u00e1szok, tud\u00f3sok, akik tan\u00fas\u00e1gtev\u0151i a n\u00e9pek Istent\u0151l sz\u00fcletett egys\u00e9g\u00e9nek \u2013 az \u00fajsz\u00fcl\u00f6tt kir\u00e1lyt kerest\u00e9k, m\u00edg a c\u00e9ln\u00e1l megpillanthatt\u00e1k \u00e9s megismerhett\u00e9k a vil\u00e1g Megv\u00e1lt\u00f3j\u00e1t \u00fajsz\u00fcl\u00f6ttk\u00e9nt. A kis betlehemi barlangban gy\u0171lnek \u00f6ssze, hogy tisztelet\u00fcket tegy\u00e9k, \u00e9s \u00e1tny\u00fajts\u00e1k aj\u00e1nd\u00e9kaikat. A kereszt\u00e9nyek arra kaptak megh\u00edv\u00e1st, hogy az egys\u00e9g jelei legyenek e vil\u00e1gban. A k\u00fcl\u00f6nb\u00f6z\u0151 kult\u00far\u00e1j\u00fa, fajt\u00e1j\u00fa \u00e9s nyelv\u0171 kereszt\u00e9nyek k\u00f6z\u00f6s von\u00e1sa, hogy Krisztust keresik, \u00e9s mindannyian arra v\u00e1gynak, hogy im\u00e1dhass\u00e1k. Ez\u00e9rt a kereszt\u00e9nyek k\u00fcldet\u00e9se az, hogy mint ama csillag, jell\u00e9 legyenek, amely az Istenre s\u00f3v\u00e1rg\u00f3 emberis\u00e9get vez\u00e9rli, mindannyiukat Krisztushoz vezeti, \u00e9s Isten eszk\u00f6z\u00e9v\u00e9 teszi, amelynek seg\u00edts\u00e9g\u00e9vel Isten minden nemzet egys\u00e9g\u00e9t megval\u00f3s\u00edtja\u201d<a href=\"#_ftn3\" name=\"_ftnref3\">[3]<\/a>. Steaua care le str\u0103luce\u0219te Magilor este pentru toat\u0103 lumea, aprins\u0103 \u00een primul r\u00e2nd \u00een ad\u00e2ncul con\u0219tiin\u021bei care se las\u0103 iluminat\u0103 de iubire. Mindannyian t\u00e1gra nyithatjuk a szem\u00fcnket, hogy felismerj\u00fck, \u00e9s k\u00f6vet\u00e9s\u00e9re indulhatunk a c\u00e9l fel\u00e9, hogy igaz\u00e1n tal\u00e1lkozzunk Istennel \u00e9s a testv\u00e9reinkkel a mindennapjainkban, \u00e9s mindenkivel megosszuk kincseinket.<\/p>\n<h4><strong>\u201eL\u00e1ttuk csillag\u00e1t napkeleten, \u00e9s elj\u00f6tt\u00fcnk, hogy im\u00e1djuk \u0151t.\u201d<\/strong><\/h4>\n<p>Nagyon fontos, hogy im\u00e1djuk Istent, \u00e9s bel\u00e1ssuk el\u0151tte, kik is vagyunk: kicsik \u00e9s t\u00f6r\u00e9kenyek, akik mindig r\u00e1szorulunk az \u0151 irgalm\u00e1ra, \u00e9s ez\u00e9rt mi is \u0151szinte irgalommal fordulunk m\u00e1sok fel\u00e9. A csak Istent illet\u0151 tisztelet\u00fcnk az im\u00e1d\u00e1sban fejez\u0151dhet ki teljesen.<\/p>\n<p>Chiara Lubich szavai seg\u00edts\u00e9g\u00fcnkre lehetnek ebben: \u201eMit jelent \u00bbim\u00e1dni\u00ab Istent? Olyan cselekedetr\u0151l van sz\u00f3, amely csak \u0150t illeti meg. Im\u00e1dni azt jelenti, hogy azt mondjuk Istennek: \u00bbTe vagy a minden\u00ab. M\u00e1s sz\u00f3val: \u00bbaz vagy, aki vagy\u00ab, \u00e9n pedig v\u00e9gtelen\u00fcl kiv\u00e1lts\u00e1gos vagyok, hogy ezt felismerhettem. Im\u00e1dni azt jelenti, hogy [\u2026] \u00bb\u00e9n semmi vagyok\u00ab; \u00e9s ezt nemcsak szavakkal mondjuk ki. Ahhoz, hogy im\u00e1djuk Istent, semmiv\u00e9 kell v\u00e1lnunk, hogy \u0150 gy\u0151zedelmeskedjen benn\u00fcnk \u00e9s a vil\u00e1gban. [\u2026] Van egy biztos \u00fat, amelyen eljuthatunk annak megvall\u00e1s\u00e1hoz, hogy mi semmik vagyunk \u00e9s Isten a minden. Ahhoz ugyanis, hogy megsemmis\u00edts\u00fck gondolatainkat, nem kell m\u00e1sra gondolnunk, csak Istenre, \u00e9s az evang\u00e9liumban kinyilatkoztatott gondolatait kell magunk\u00e9v\u00e1 tenn\u00fcnk. Ahhoz, hogy megsemmis\u00edts\u00fck akaratunkat, nem kell m\u00e1st cselekedn\u00fcnk, mint megtenni az \u00d6v\u00e9t, amit a jelen pillanat mutat meg nek\u00fcnk. Ahhoz, hogy megsemmis\u00edts\u00fck rendetlen \u00e9rz\u00e9seinket, el\u00e9g, ha az ir\u00e1nta val\u00f3 szeretet van a sz\u00edv\u00fcnkben, \u00e9s szeretj\u00fck felebar\u00e1tainkat, megosztva vel\u00fck v\u00e1gyaikat, gy\u00f6trelmeiket, probl\u00e9m\u00e1ikat, \u00f6r\u00f6meiket. Ha mindig \u00bbszeretet\u00ab vagyunk, akkor \u2013 an\u00e9lk\u00fcl, hogy \u00e9szrevenn\u00e9nk \u2013 nem l\u00e9tez\u00fcnk a magunk sz\u00e1m\u00e1ra. \u00c9s mivel semmis\u00e9g\u00fcnket \u00e9lj\u00fck, l\u00e9t\u00fcnkkel al\u00e1h\u00fazzuk Isten fels\u0151bbs\u00e9g\u00e9t, azt, hogy \u0150 a minden. Ezzel nyitott\u00e1 v\u00e1lunk Isten igazi im\u00e1d\u00e1s\u00e1ra\u201d<a href=\"#_ftn4\" name=\"_ftnref4\">[4]<\/a>.<\/p>\n<h4><strong>\u201eL\u00e1ttuk csillag\u00e1t napkeleten, \u00e9s elj\u00f6tt\u00fcnk, hogy im\u00e1djuk \u0151t.\u201d<\/strong><\/h4>\n<p>Fontoljuk meg a k\u00f6zel-keleti kereszt\u00e9nyek befejez\u0151 gondolatait: \u201eA b\u00f6lcsek megl\u00e1tt\u00e1k az \u00dcdv\u00f6z\u00edt\u0151t, \u00e9s egy\u00fctt im\u00e1dt\u00e1k. Majd, miut\u00e1n \u00e1lmukban utas\u00edt\u00e1st kaptak, m\u00e1s \u00faton t\u00e9rtek vissza haz\u00e1jukba. Hasonl\u00f3k\u00e9ppen a k\u00f6z\u00f6s im\u00e1ds\u00e1gban meg\u00e9lt k\u00f6z\u00f6ss\u00e9gnek arra kell \u00f6szt\u00f6n\u00f6znie, hogy \u00faj utakon t\u00e9rj\u00fcnk vissza \u00e9let\u00fcnkbe, egyh\u00e1zunkba \u00e9s vil\u00e1gunkba.<\/p>\n<p>[\u2026] Az evang\u00e9lium mai szolg\u00e1lat\u00e1hoz sz\u00fcks\u00e9g van az emberi m\u00e9lt\u00f3s\u00e1g v\u00e9delme ir\u00e1nti elk\u00f6telezetts\u00e9gre, k\u00fcl\u00f6n\u00f6s tekintettel a legszeg\u00e9nyebbekre, leggyeng\u00e9bbekre \u00e9s a peremre szorultakra. [[\u2026] Az egyh\u00e1zak k\u00f6z\u00f6tti \u00faj \u00fat a l\u00e1that\u00f3 egys\u00e9g \u00fatja, amelyet \u00e1ldozatosan, b\u00e1tran \u00e9s t\u00e1ntor\u00edthatatlanul keres\u00fcnk, hogy minden nappal egyre ink\u00e1bb \u00bbIsten legyen minden mindenekben\u00ab (1Kor 15,28)\u201d<a href=\"#_ftn5\" name=\"_ftnref5\">[5]<\/a>.<\/p>\n<p><em>Letizia Magri<\/em><\/p>\n<p><a href=\"#_ftnref1\" name=\"_ftn1\">[1] (Mt 2,2)<\/a><\/p>\n<p><a href=\"#_ftnref2\" name=\"_ftn2\">[2]<\/a> Az egys\u00e9g imahete janu\u00e1r 18 &#8211; 25 k\u00f6z\u00f6tt zajlik. \u00cen emisfera sudic\u0103, c\u00e2nd ianuarie este perioada de vacan\u021b\u0103, bisericile celebreaz\u0103 S\u0103pt\u0103m\u00e2na de rug\u0103ciune la alte date, de exemplu \u00een perioada Rusaliilor, o perioad\u0103 la fel de simbolic\u0103 pentru unitatea Bisericii. Este, de asemenea, o invita\u021bie de a men\u021bine viu angajamentul la dialog ecumenic pe tot parcursul anului.<\/p>\n<p><a href=\"#_ftnref3\" name=\"_ftn3\">[3]<\/a> v\u00f6. http:\/\/www.christianunity.va\/content\/unitacristiani\/it\/news\/2021\/spuc-2022.html.<\/p>\n<p><a href=\"#_ftnref4\" name=\"_ftn4\">[4]<\/a> https:\/\/www.meot.hu\/dokumentumok\/2021kereszteny\/ImahetiFuzet2022.pdf<\/p>\n<p><a href=\"#_ftnref5\" name=\"_ftn5\">[5]<\/a> Ibidem.<\/p>\n<\/div><\/div><\/div><div class=\"fusion-layout-column fusion_builder_column fusion-builder-column-3 fusion_builder_column_1_3 1_3 fusion-flex-column\" style=\"--awb-padding-top:30px;--awb-padding-right:30px;--awb-padding-bottom:10px;--awb-padding-left:30px;--awb-bg-color:var(--awb-custom13);--awb-bg-color-hover:var(--awb-custom13);--awb-bg-size:cover;--awb-width-large:33.333333333333%;--awb-margin-top-large:0px;--awb-spacing-right-large:5.76%;--awb-margin-bottom-large:20px;--awb-spacing-left-large:5.76%;--awb-width-medium:100%;--awb-order-medium:0;--awb-spacing-right-medium:1.92%;--awb-spacing-left-medium:1.92%;--awb-width-small:100%;--awb-order-small:0;--awb-spacing-right-small:1.92%;--awb-spacing-left-small:1.92%;\"><div class=\"fusion-column-wrapper fusion-column-has-shadow fusion-flex-justify-content-flex-start fusion-content-layout-column\"><div class=\"fusion-title title fusion-title-2 fusion-sep-none fusion-title-center fusion-title-text fusion-title-size-four\"><h4 class=\"fusion-title-heading title-heading-center\" style=\"margin:0;\">T\u00f6ltsd le PDF form\u00e1tumban<\/h4><\/div><div style=\"text-align:center;\"><a class=\"fusion-button button-flat fusion-button-default-size button-default fusion-button-default button-1 fusion-button-span-yes fusion-button-default-type\" style=\"--button_margin-bottom:20px;\" target=\"_blank\" rel=\"noopener noreferrer\" href=\"https:\/\/focolare.ro\/wp-content\/uploads\/2022\/04\/cuvantul-vietii-adulti-ian-2022-ro.pdf\"><span class=\"fusion-button-icon-divider button-icon-divider-left\"><i class=\"fa-file-pdf fas awb-button__icon awb-button__icon--default\" aria-hidden=\"true\"><\/i><\/span><span class=\"fusion-button-text awb-button__text awb-button__text--default fusion-button-text-left\">Feln\u0151ttek r\u00e9sz\u00e9re<\/span><\/a><\/div><div style=\"text-align:center;\"><a class=\"fusion-button button-flat fusion-button-default-size button-default fusion-button-default button-2 fusion-button-span-yes fusion-button-default-type\" style=\"--button_margin-bottom:20px;\" target=\"_blank\" rel=\"noopener noreferrer\" href=\"https:\/\/focolare.ro\/wp-content\/uploads\/2022\/04\/cuvantul-vietii-tineri-ian-2022-ro.pdf\"><span class=\"fusion-button-icon-divider button-icon-divider-left\"><i class=\"fa-file-pdf fas awb-button__icon awb-button__icon--default\" aria-hidden=\"true\"><\/i><\/span><span class=\"fusion-button-text awb-button__text awb-button__text--default fusion-button-text-left\">Fiataloknak<\/span><\/a><\/div><div style=\"text-align:center;\"><a class=\"fusion-button button-flat fusion-button-default-size button-default fusion-button-default button-3 fusion-button-span-yes fusion-button-default-type\" style=\"--button_margin-bottom:20px;\" target=\"_blank\" rel=\"noopener noreferrer\" href=\"https:\/\/focolare.ro\/wp-content\/uploads\/2022\/04\/cuvantul-vietii-copii-color-ian-2022-ro.pdf\"><span class=\"fusion-button-icon-divider button-icon-divider-left\"><i class=\"fa-file-pdf fas awb-button__icon awb-button__icon--default\" aria-hidden=\"true\"><\/i><\/span><span class=\"fusion-button-text awb-button__text awb-button__text--default fusion-button-text-left\">Gyerekeknek sz\u00ednes v\u00e1ltozat<\/span><\/a><\/div><div style=\"text-align:center;\"><a class=\"fusion-button button-flat fusion-button-default-size button-default fusion-button-default button-4 fusion-button-span-yes fusion-button-default-type\" style=\"--button_margin-bottom:20px;\" target=\"_blank\" rel=\"noopener noreferrer\" href=\"https:\/\/focolare.ro\/wp-content\/uploads\/2022\/04\/cuvantul-vietii-copii-alb-negru-ian-2022-ro.pdf\"><span class=\"fusion-button-icon-divider button-icon-divider-left\"><i class=\"fa-file-pdf fas awb-button__icon awb-button__icon--default\" aria-hidden=\"true\"><\/i><\/span><span class=\"fusion-button-text awb-button__text awb-button__text--default fusion-button-text-left\">Gyerekeknek kifest\u0151<\/span><\/a><\/div><\/div><\/div><\/div><\/div><div class=\"fusion-fullwidth fullwidth-box fusion-builder-row-4 fusion-flex-container nonhundred-percent-fullwidth non-hundred-percent-height-scrolling\" style=\"--awb-border-sizes-bottom:3px;--awb-border-color:var(--awb-color5);--awb-border-radius-top-left:0px;--awb-border-radius-top-right:0px;--awb-border-radius-bottom-right:0px;--awb-border-radius-bottom-left:0px;--awb-flex-wrap:wrap;\" ><div class=\"fusion-builder-row fusion-row fusion-flex-align-items-flex-start fusion-flex-content-wrap\" style=\"max-width:1216.8px;margin-left: calc(-4% \/ 2 );margin-right: calc(-4% \/ 2 );\"><\/div><\/div><\/p>\n","protected":false},"excerpt":{"rendered":"","protected":false},"author":9,"featured_media":0,"parent":2826,"menu_order":0,"comment_status":"closed","ping_status":"closed","template":"100-width.php","meta":{"footnotes":""},"class_list":["post-2812","page","type-page","status-publish","hentry"],"_links":{"self":[{"href":"https:\/\/focolare.ro\/hu\/wp-json\/wp\/v2\/pages\/2812","targetHints":{"allow":["GET"]}}],"collection":[{"href":"https:\/\/focolare.ro\/hu\/wp-json\/wp\/v2\/pages"}],"about":[{"href":"https:\/\/focolare.ro\/hu\/wp-json\/wp\/v2\/types\/page"}],"author":[{"embeddable":true,"href":"https:\/\/focolare.ro\/hu\/wp-json\/wp\/v2\/users\/9"}],"replies":[{"embeddable":true,"href":"https:\/\/focolare.ro\/hu\/wp-json\/wp\/v2\/comments?post=2812"}],"version-history":[{"count":4,"href":"https:\/\/focolare.ro\/hu\/wp-json\/wp\/v2\/pages\/2812\/revisions"}],"predecessor-version":[{"id":4410,"href":"https:\/\/focolare.ro\/hu\/wp-json\/wp\/v2\/pages\/2812\/revisions\/4410"}],"up":[{"embeddable":true,"href":"https:\/\/focolare.ro\/hu\/wp-json\/wp\/v2\/pages\/2826"}],"wp:attachment":[{"href":"https:\/\/focolare.ro\/hu\/wp-json\/wp\/v2\/media?parent=2812"}],"curies":[{"name":"wp","href":"https:\/\/api.w.org\/{rel}","templated":true}]}}