{"id":3760,"date":"2022-04-03T14:22:54","date_gmt":"2022-04-03T11:22:54","guid":{"rendered":"https:\/\/focolare.ro\/az-elet-igeje\/az-elet-igeje-2023\/2023-aprilis\/"},"modified":"2024-04-26T18:36:43","modified_gmt":"2024-04-26T15:36:43","slug":"2023-aprilis","status":"publish","type":"page","link":"https:\/\/focolare.ro\/hu\/az-elet-igeje\/az-elet-igeje-2023\/2023-aprilis\/","title":{"rendered":"2023. \u00c1prilis"},"content":{"rendered":"<p><div class=\"fusion-fullwidth fullwidth-box fusion-builder-row-1 fusion-flex-container has-pattern-background has-mask-background fusion-parallax-none nonhundred-percent-fullwidth non-hundred-percent-height-scrolling lazyload\" style=\"--awb-border-radius-top-left:0px;--awb-border-radius-top-right:0px;--awb-border-radius-bottom-right:0px;--awb-border-radius-bottom-left:0px;--awb-background-color:var(--awb-custom14);--awb-background-size:cover;--awb-flex-wrap:wrap;\" data-bg=\"https:\/\/focolare.ro\/wp-content\/uploads\/2023\/03\/CVaprilie2023.jpg\" ><div class=\"fusion-builder-row fusion-row fusion-flex-align-items-flex-start fusion-flex-content-wrap\" style=\"max-width:1216.8px;margin-left: calc(-4% \/ 2 );margin-right: calc(-4% \/ 2 );\"><div class=\"fusion-layout-column fusion_builder_column fusion-builder-column-0 fusion_builder_column_1_1 1_1 fusion-flex-column\" style=\"--awb-bg-size:cover;--awb-width-large:100%;--awb-margin-top-large:0px;--awb-spacing-right-large:1.92%;--awb-margin-bottom-large:20px;--awb-spacing-left-large:1.92%;--awb-width-medium:100%;--awb-order-medium:0;--awb-spacing-right-medium:1.92%;--awb-spacing-left-medium:1.92%;--awb-width-small:100%;--awb-order-small:0;--awb-spacing-right-small:1.92%;--awb-spacing-left-small:1.92%;\"><div class=\"fusion-column-wrapper fusion-column-has-shadow fusion-flex-justify-content-flex-start fusion-content-layout-column\"><div class=\"fusion-separator fusion-full-width-sep\" style=\"align-self: center;margin-left: auto;margin-right: auto;margin-bottom:200px;width:100%;\"><\/div><div class=\"fusion-title title fusion-title-1 fusion-sep-none fusion-title-text fusion-title-size-two\" style=\"--awb-text-color:var(--awb-color1);\"><h2 class=\"fusion-title-heading title-heading-left\" style=\"margin:0;\">2023. \u00c1prilis<\/h2><\/div><\/div><\/div><\/div><\/div><div class=\"fusion-fullwidth fullwidth-box fusion-builder-row-2 fusion-flex-container nonhundred-percent-fullwidth non-hundred-percent-height-scrolling\" style=\"--awb-border-radius-top-left:0px;--awb-border-radius-top-right:0px;--awb-border-radius-bottom-right:0px;--awb-border-radius-bottom-left:0px;--awb-background-color:var(--awb-color1);--awb-flex-wrap:wrap;\" ><div class=\"fusion-builder-row fusion-row fusion-flex-align-items-flex-start fusion-flex-content-wrap\" style=\"max-width:1216.8px;margin-left: calc(-4% \/ 2 );margin-right: calc(-4% \/ 2 );\"><div class=\"fusion-layout-column fusion_builder_column fusion-builder-column-1 fusion_builder_column_1_1 1_1 fusion-flex-column\" style=\"--awb-bg-size:cover;--awb-width-large:100%;--awb-margin-top-large:0px;--awb-spacing-right-large:1.92%;--awb-margin-bottom-large:20px;--awb-spacing-left-large:1.92%;--awb-width-medium:100%;--awb-order-medium:0;--awb-spacing-right-medium:1.92%;--awb-spacing-left-medium:1.92%;--awb-width-small:100%;--awb-order-small:0;--awb-spacing-right-small:1.92%;--awb-spacing-left-small:1.92%;\"><div class=\"fusion-column-wrapper fusion-column-has-shadow fusion-flex-justify-content-flex-start fusion-content-layout-column\"><div class=\"fusion-separator fusion-full-width-sep\" style=\"align-self: center;margin-left: auto;margin-right: auto;margin-bottom:100px;width:100%;\"><\/div><\/div><\/div><\/div><\/div><div class=\"fusion-fullwidth fullwidth-box fusion-builder-row-3 fusion-flex-container nonhundred-percent-fullwidth non-hundred-percent-height-scrolling\" style=\"--awb-border-radius-top-left:0px;--awb-border-radius-top-right:0px;--awb-border-radius-bottom-right:0px;--awb-border-radius-bottom-left:0px;--awb-flex-wrap:wrap;\" ><div class=\"fusion-builder-row fusion-row fusion-flex-align-items-flex-start fusion-flex-content-wrap\" style=\"max-width:1216.8px;margin-left: calc(-4% \/ 2 );margin-right: calc(-4% \/ 2 );\"><div class=\"fusion-layout-column fusion_builder_column fusion-builder-column-2 fusion_builder_column_2_3 2_3 fusion-flex-column\" style=\"--awb-bg-size:cover;--awb-width-large:66.666666666667%;--awb-margin-top-large:0px;--awb-spacing-right-large:2.88%;--awb-margin-bottom-large:20px;--awb-spacing-left-large:2.88%;--awb-width-medium:100%;--awb-order-medium:0;--awb-spacing-right-medium:1.92%;--awb-spacing-left-medium:1.92%;--awb-width-small:100%;--awb-order-small:0;--awb-spacing-right-small:1.92%;--awb-spacing-left-small:1.92%;\"><div class=\"fusion-column-wrapper fusion-column-has-shadow fusion-flex-justify-content-flex-start fusion-content-layout-column\"><div class=\"fusion-text fusion-text-1\" style=\"--awb-text-transform:none;\"><h3><strong>2023. \u00e1prilis<\/strong><\/h3>\n<p><strong>\u201eAz odafent val\u00f3 dolgokkal t\u00f6r\u0151djetek, ne a f\u00f6ldiekkel!\u201d (<em>Kol<\/em> 3,2)<\/strong><\/p>\n<p>Az els\u0151 kereszt\u00e9ny k\u00f6z\u00f6ss\u00e9gek \u00e9pphogy megsz\u00fclettek, m\u00e1ris vita t\u00e1madt k\u00f6zt\u00fck, mert voltak, akik f\u00e9lre\u00e9rtett\u00e9k az evang\u00e9lium \u00fczenet\u00e9t. P\u00e1l b\u00f6rt\u00f6nben volt, \u00e9s ott \u00e9rtes\u00fclt a kolosszei probl\u00e9m\u00e1kr\u00f3l, ez\u00e9rt azt\u00e1n \u00edrt ennek a gy\u00fclekezetnek.<\/p>\n<p>Jobban meg\u00e9rthetj\u00fck az e havi \u00e9letig\u00e9t, ha a teljes sz\u00f6veget elolvassuk, ahonnan ez a r\u00e9szlet sz\u00e1rmazik: \u201eEz\u00e9rt teh\u00e1t, ha felt\u00e1madtatok Krisztussal, keress\u00e9tek az odafent val\u00f3kat, ahol Krisztus van, Isten jobbj\u00e1n \u00fclve. Az odafent val\u00f3 dolgokkal t\u00f6r\u0151djetek, ne a f\u00f6ldiekkel. Hiszen meghaltatok, \u00e9s \u00e9letetek Krisztussal el van rejtve Istenben.\u201d\u00bb<a href=\"#_ftn1\" name=\"_ftnref1\">[1]<\/a>.<\/p>\n<p>P\u00e1l seg\u00edt fel\u00fclemelkedni ezeken a vit\u00e1kon, \u00e9s azt k\u00e9ri, hogy a gondolatainkkal \u00e9s eg\u00e9sz l\u00e9ny\u00fcnkkel Krisztusra ir\u00e1nyuljunk, \u00e9s \u0151 felt\u00e1madt. A kereszts\u00e9gben pedig mi is meghaltunk \u00e9s felt\u00e1madtunk Krisztusban, teh\u00e1t ha \u201et\u00f6red\u00e9kesen is\u201d, de m\u00e1r ezt az \u00faj \u00e9letet \u00e9lhetj\u00fck.<\/p>\n<p><strong>\u201eAz odafent val\u00f3 dolgokkal t\u00f6r\u0151djetek, ne a f\u00f6ldiekkel!\u201d <\/strong><\/p>\n<p>Ezt term\u00e9szetesen nem \u00e9rhetj\u00fck el egyszer s mindenkorra, de t\u00f6rekedj\u00fcnk megval\u00f3s\u00edtani nagy odaad\u00e1ssal eg\u00e9sz \u00e9let\u00fcnkben! Ami odaf\u00f6nt van, arra ir\u00e1nyuljon az \u00e9let\u00fcnk. Krisztus ugyanis a mennyei \u00e9letet, az \u0151 H\u00fasv\u00e9tj\u00e1t hozta el a f\u00f6ldre, ez az \u00faj teremt\u00e9s, az \u00faj emberis\u00e9g kezdete. \u00c9s ez a logikus k\u00f6vetkezm\u00e9nye annak, ha az evang\u00e9liumi \u00e9let mellett d\u00f6nt\u00fcnk, mert ez a d\u00f6nt\u00e9s teljes m\u00e9rt\u00e9kben \u00e1talak\u00edtja a mentalit\u00e1sunkat, \u00e9s felbor\u00edtja a vil\u00e1g \u00e1ltal k\u00edn\u00e1lt c\u00e9lokat \u00e9s \u00e9rt\u00e9krendet. Megszabad\u00edt a korl\u00e1tainkt\u00f3l \u00e9s gy\u00f6keres v\u00e1ltoz\u00e1st hoz az \u00e9let\u00fcnkbe. P\u00e1l alapj\u00e1ban v\u00e9ve nem veti meg a \u201ef\u00f6ldi dolgokat\u201d, mert Isten Fi\u00e1nak megtestes\u00fcl\u00e9se \u00e1ltal az \u00e9g \u00e9s a f\u00f6ld \u00f6ssze\u00e9rt, \u00e9s ez mindent meg\u00faj\u00edtott<a href=\"#_ftn2\" name=\"_ftnref2\">[2]<\/a>.<\/p>\n<p><strong>\u201eAz odafent val\u00f3 dolgokkal t\u00f6r\u0151djetek, ne a f\u00f6ldiekkel!\u201d <\/strong><\/p>\n<p>\u201e\u00c9s mi az, \u00bbami odaf\u00f6nt van\u00ab? \u2013 k\u00e9rdezi Chiara Lubich. Azok az \u00e9rt\u00e9kek, amelyeket J\u00e9zus a f\u00f6ldre hozott, \u00e9s amelyek k\u00f6vet\u0151it megk\u00fcl\u00f6nb\u00f6ztetik m\u00e1sokt\u00f3l: a szeretet, az egyet\u00e9rt\u00e9s, a b\u00e9ke, a megbocs\u00e1t\u00e1s, a tisztess\u00e9g, a tisztas\u00e1g, a becs\u00fcletess\u00e9g, az igazs\u00e1g stb. Ezek azok az er\u00e9nyek, gazdags\u00e1gok, melyeket az evang\u00e9lium felk\u00edn\u00e1l. A kereszt\u00e9ny, aki a felt\u00e1madt Krisztussal, ezek \u00e1ltal \u00e9s ezekkel marad h\u0171s\u00e9ges hivat\u00e1s\u00e1hoz. [&#8230;]<\/p>\n<p>Hogyan \u00e9lhet\u00fcnk sz\u00edv\u00fcnkkel az \u00e9gben horgonyt vetve, mik\u00f6zben a vil\u00e1gban vagyunk? Hogyan \u00e9lhet\u00fcnk sz\u00edv\u00fcnkkel az \u00e9gben horgonyt vetve, mik\u00f6zben a vil\u00e1gban vagyunk? \u00dagy, hogy hagyjuk, hogy J\u00e9zus gondolatai \u00e9s \u00e9rz\u00e9sei vezessenek benn\u00fcnket, akinek bels\u0151 figyelme mindig az Atya fel\u00e9 ir\u00e1nyult, \u00e9s akinek az \u00e9lete minden pillanatban az \u00c9g t\u00f6rv\u00e9ny\u00e9t, a szeretet t\u00f6rv\u00e9ny\u00e9t t\u00fckr\u00f6zte vissza.\u201d<a href=\"#_ftn3\" name=\"_ftnref3\">[3]<\/a>.<\/p>\n<p><strong>\u201eAz odafent val\u00f3 dolgokkal t\u00f6r\u0151djetek, ne a f\u00f6ldiekkel!\u201d <\/strong><\/p>\n<p>A kereszt\u00e9nyek \u00fagy vannak jelen a vil\u00e1gban, hogy b\u00e1tran nyitottak az \u00faj \u00e9letre, amit a H\u00fasv\u00e9t hozott. \u00daj emberek, akik nem a vil\u00e1gb\u00f3l val\u00f3k, de a vil\u00e1gban \u00e9lnek, annak minden gondj\u00e1val egy\u00fctt. <a href=\"#_ftn4\" name=\"_ftnref4\">[4]<\/a> Az els\u0151 kereszt\u00e9nyekr\u0151l azt mondt\u00e1k, hogy \u201ea f\u00f6ld\u00f6n id\u0151znek, de a menny polg\u00e1rai; [\u2026] ami a testben a l\u00e9lek, azok a kereszt\u00e9nyek a vil\u00e1gban\u201d<a href=\"#_ftn5\" name=\"_ftnref5\">[5]<\/a>.<\/p>\n<p>Egy munk\u00e1s b\u00e1tor \u00e9s teljesen evang\u00e9lium szerint val\u00f3 d\u00f6nt\u00e9st hozott, amikor elhat\u00e1rozta, hogy seg\u00edteni fogja az egyik \u00e9ppen elbocs\u00e1jtott koll\u00e9g\u00e1j\u00e1t. Tan\u00fas\u00e1gt\u00e9tele azt\u00e1n a testv\u00e9ris\u00e9g megnyilv\u00e1nul\u00e1sainak eg\u00e9sz sorozat\u00e1t ind\u00edtotta el.<\/p>\n<p>\u201eA gy\u00e1rban egyik nap felmond\u00f3 leveleket osztottak sz\u00e9t. Az egyik Giorgionak volt c\u00edmezve. Ismertem, hogy milyen neh\u00e9z k\u00f6r\u00fclm\u00e9nyek k\u00f6z\u00f6tt \u00e9lnek, \u00e9s k\u00e9rtem, hogy j\u00f6jj\u00f6n be velem az irod\u00e1ba. \u00bb\u00c9n jobban \u00e1llok, mint \u0151 \u2013 mondtam \u2013, mert a feles\u00e9gemnek is van munk\u00e1ja. Ink\u00e1bb engem k\u00fcldjetek el!\u00ab A f\u0151n\u00f6k\u00fcnk meg\u00edg\u00e9rte, hogy fel\u00fclvizsg\u00e1lja az esetet. Kil\u00e9pve Giorgio meghatottan \u00e1t\u00f6lelt. A h\u00edr sz\u00e1jr\u00f3l sz\u00e1jra terjedt, \u00e9s m\u00e1sik k\u00e9t, hozz\u00e1m hasonl\u00f3 helyzetben l\u00e9v\u0151 munk\u00e1s is f\u00f6laj\u00e1nlotta, hogy ink\u00e1bb \u0151ket bocs\u00e1ss\u00e1k el k\u00e9t m\u00e1sik koll\u00e9ga helyett. A vezet\u00e9s pedig arra k\u00e9nyszer\u00fclt, hogy m\u00e1s m\u00f3dszerek szerint d\u00f6nts\u00f6n az elbocs\u00e1jt\u00e1sokr\u00f3l. A pl\u00e9b\u00e1nos is tudom\u00e1st szerzett err\u0151l, \u00e9s n\u00e9v n\u00e9lk\u00fcl elmes\u00e9lte a vas\u00e1rnapi pr\u00e9dik\u00e1ci\u00f3ban. M\u00e1snap sz\u00f3lt, hogy k\u00e9t di\u00e1kl\u00e1ny minden sp\u00f3rolt p\u00e9nz\u00e9t elhozta a neh\u00e9z helyzetbe ker\u00fclt munk\u00e1soknak mondv\u00e1n, hogy \u0151k is ut\u00e1nozni szeretn\u00e9k annak a bizonyos munk\u00e1snak a magatart\u00e1s\u00e1t.\u201d (B. S. \u2013 Braz\u00edlia)<a href=\"#_ftn6\" name=\"_ftnref6\">[6]<\/a>.<\/p>\n<p><em>Patrizia Mazzola \u00e9s az \u00e9letige csoport gondoz\u00e1s\u00e1ban<\/em><\/p>\n<p><a href=\"#_ftnref1\" name=\"_ftn1\">[1]<\/a> <em>Kol<\/em> 3,1-3<\/p>\n<p><a href=\"#_ftnref2\" name=\"_ftn2\">[2]<\/a> v\u00f6. 2<em>Kor<\/em> 5,17: \u201eMindenki, aki Krisztusban van, \u00faj teremtm\u00e9ny. A r\u00e9gi megsz\u0171nt, valami \u00faj val\u00f3sult meg.\u201d<\/p>\n<p><a href=\"#_ftnref3\" name=\"_ftn3\">[3]<\/a> C. Lubich, Az \u00e9let ig\u00e9je, 2001. \u00e1prilis, <em>\u00daj V\u00e1ros<\/em>, 2001\/4<\/p>\n<p><a href=\"#_ftnref4\" name=\"_ftn4\">[4]<\/a> v\u00f6. <em>Jn<\/em>15,18-21.<\/p>\n<p><a href=\"#_ftnref5\" name=\"_ftn5\">[5]<\/a> <em>Lev\u00e9l<\/em> <em>Diogn\u00e9toszhoz<\/em> V-VI. in Vany\u00f3 L\u00e1szl\u00f3 (szerk.), <em>Apostoli aty\u00e1k<\/em>, Szent Istv\u00e1n T\u00e1rsulat, Budapest, 1980, 197. o<\/p>\n<p><a href=\"#_ftnref6\" name=\"_ftn6\">[6]<\/a> T\u00f6rt\u00e9net a www.focolare.org honlapr\u00f3l<\/p>\n<\/div><\/div><\/div><div class=\"fusion-layout-column fusion_builder_column fusion-builder-column-3 fusion_builder_column_1_3 1_3 fusion-flex-column\" style=\"--awb-padding-top:30px;--awb-padding-right:30px;--awb-padding-bottom:10px;--awb-padding-left:30px;--awb-bg-color:var(--awb-custom13);--awb-bg-color-hover:var(--awb-custom13);--awb-bg-size:cover;--awb-width-large:33.333333333333%;--awb-margin-top-large:0px;--awb-spacing-right-large:5.76%;--awb-margin-bottom-large:20px;--awb-spacing-left-large:5.76%;--awb-width-medium:100%;--awb-order-medium:0;--awb-spacing-right-medium:1.92%;--awb-spacing-left-medium:1.92%;--awb-width-small:100%;--awb-order-small:0;--awb-spacing-right-small:1.92%;--awb-spacing-left-small:1.92%;\"><div class=\"fusion-column-wrapper fusion-column-has-shadow fusion-flex-justify-content-flex-start fusion-content-layout-column\"><div class=\"fusion-title title fusion-title-2 fusion-sep-none fusion-title-center fusion-title-text fusion-title-size-four\"><h4 class=\"fusion-title-heading title-heading-center\" style=\"margin:0;\">T\u00f6ltsd le PDF form\u00e1tumban<\/h4><\/div><div style=\"text-align:center;\"><a class=\"fusion-button button-flat fusion-button-default-size button-default fusion-button-default button-1 fusion-button-span-yes fusion-button-default-type\" style=\"--button_margin-bottom:20px;\" target=\"_blank\" rel=\"noopener noreferrer\" href=\"https:\/\/focolare.ro\/wp-content\/uploads\/2023\/03\/CV-04-2023-A5-HU.pdf\"><span class=\"fusion-button-icon-divider button-icon-divider-left\"><i class=\"fa-file-pdf fas awb-button__icon awb-button__icon--default\" aria-hidden=\"true\"><\/i><\/span><span class=\"fusion-button-text awb-button__text awb-button__text--default fusion-button-text-left\">Feln\u0151ttek r\u00e9sz\u00e9re<\/span><\/a><\/div><div style=\"text-align:center;\"><a class=\"fusion-button button-flat fusion-button-default-size button-default fusion-button-default button-2 fusion-button-span-yes fusion-button-default-type\" style=\"--button_margin-bottom:20px;\" target=\"_blank\" rel=\"noopener noreferrer\" href=\"https:\/\/focolare.ro\/wp-content\/uploads\/2023\/03\/CV-04-2023_tineri.pdf\"><span class=\"fusion-button-icon-divider button-icon-divider-left\"><i class=\"fa-file-pdf fas awb-button__icon awb-button__icon--default\" aria-hidden=\"true\"><\/i><\/span><span class=\"fusion-button-text awb-button__text awb-button__text--default fusion-button-text-left\">Fiataloknak<\/span><\/a><\/div><div style=\"text-align:center;\"><a class=\"fusion-button button-flat fusion-button-default-size button-default fusion-button-default button-3 fusion-button-span-yes fusion-button-default-type\" style=\"--button_margin-bottom:20px;\" target=\"_blank\" rel=\"noopener noreferrer\" href=\"https:\/\/focolare.ro\/wp-content\/uploads\/2023\/04\/ige202304kifsz.pdf\"><span class=\"fusion-button-icon-divider button-icon-divider-left\"><i class=\"fa-file-pdf fas awb-button__icon awb-button__icon--default\" aria-hidden=\"true\"><\/i><\/span><span class=\"fusion-button-text awb-button__text awb-button__text--default fusion-button-text-left\">Gyerekeknek sz\u00ednes v\u00e1ltozat<\/span><\/a><\/div><div style=\"text-align:center;\"><a class=\"fusion-button button-flat fusion-button-default-size button-default fusion-button-default button-4 fusion-button-span-yes fusion-button-default-type\" style=\"--button_margin-bottom:20px;\" target=\"_blank\" rel=\"noopener noreferrer\" href=\"https:\/\/focolare.ro\/wp-content\/uploads\/2023\/04\/ige202304kif.pdf\"><span class=\"fusion-button-icon-divider button-icon-divider-left\"><i class=\"fa-file-pdf fas awb-button__icon awb-button__icon--default\" aria-hidden=\"true\"><\/i><\/span><span class=\"fusion-button-text awb-button__text awb-button__text--default fusion-button-text-left\">Gyerekeknek kifest\u0151<\/span><\/a><\/div><\/div><\/div><\/div><\/div><div class=\"fusion-fullwidth fullwidth-box fusion-builder-row-4 fusion-flex-container nonhundred-percent-fullwidth non-hundred-percent-height-scrolling\" style=\"--awb-border-sizes-bottom:3px;--awb-border-color:var(--awb-color5);--awb-border-radius-top-left:0px;--awb-border-radius-top-right:0px;--awb-border-radius-bottom-right:0px;--awb-border-radius-bottom-left:0px;--awb-flex-wrap:wrap;\" ><div class=\"fusion-builder-row fusion-row fusion-flex-align-items-flex-start fusion-flex-content-wrap\" style=\"max-width:1216.8px;margin-left: calc(-4% \/ 2 );margin-right: calc(-4% \/ 2 );\"><\/div><\/div><div class=\"fusion-fullwidth fullwidth-box fusion-builder-row-5 fusion-flex-container nonhundred-percent-fullwidth non-hundred-percent-height-scrolling\" style=\"--awb-border-radius-top-left:0px;--awb-border-radius-top-right:0px;--awb-border-radius-bottom-right:0px;--awb-border-radius-bottom-left:0px;--awb-flex-wrap:wrap;\" ><div class=\"fusion-builder-row fusion-row fusion-flex-align-items-flex-start fusion-flex-content-wrap\" style=\"max-width:1216.8px;margin-left: calc(-4% \/ 2 );margin-right: calc(-4% \/ 2 );\"><div class=\"fusion-layout-column fusion_builder_column fusion-builder-column-4 fusion_builder_column_1_1 1_1 fusion-flex-column\" style=\"--awb-bg-size:cover;--awb-width-large:100%;--awb-margin-top-large:0px;--awb-spacing-right-large:1.92%;--awb-margin-bottom-large:0px;--awb-spacing-left-large:1.92%;--awb-width-medium:100%;--awb-spacing-right-medium:1.92%;--awb-spacing-left-medium:1.92%;--awb-width-small:100%;--awb-spacing-right-small:1.92%;--awb-spacing-left-small:1.92%;\"><div class=\"fusion-column-wrapper fusion-flex-justify-content-flex-start fusion-content-layout-column\"><div class=\"fusion-text fusion-text-2\"><p>\u00a0<\/p>\n<\/div><\/div><\/div><\/div><\/div><div class=\"fusion-fullwidth fullwidth-box fusion-builder-row-6 fusion-flex-container nonhundred-percent-fullwidth non-hundred-percent-height-scrolling\" style=\"--awb-border-radius-top-left:0px;--awb-border-radius-top-right:0px;--awb-border-radius-bottom-right:0px;--awb-border-radius-bottom-left:0px;--awb-flex-wrap:wrap;\" ><div class=\"fusion-builder-row fusion-row fusion-flex-align-items-flex-start fusion-flex-content-wrap\" style=\"max-width:1216.8px;margin-left: calc(-4% \/ 2 );margin-right: calc(-4% \/ 2 );\"><div class=\"fusion-layout-column fusion_builder_column fusion-builder-column-5 fusion_builder_column_1_1 1_1 fusion-flex-column\" style=\"--awb-bg-size:cover;--awb-width-large:100%;--awb-margin-top-large:0px;--awb-spacing-right-large:1.92%;--awb-margin-bottom-large:0px;--awb-spacing-left-large:1.92%;--awb-width-medium:100%;--awb-spacing-right-medium:1.92%;--awb-spacing-left-medium:1.92%;--awb-width-small:100%;--awb-spacing-right-small:1.92%;--awb-spacing-left-small:1.92%;\"><div class=\"fusion-column-wrapper fusion-flex-justify-content-flex-start fusion-content-layout-column\"><div class=\"fusion-text fusion-text-3\"><p>\u00a0<\/p>\n<\/div><\/div><\/div><\/div><\/div><\/p>\n","protected":false},"excerpt":{"rendered":"","protected":false},"author":9,"featured_media":0,"parent":3202,"menu_order":0,"comment_status":"closed","ping_status":"closed","template":"100-width.php","meta":{"footnotes":""},"class_list":["post-3760","page","type-page","status-publish","hentry"],"_links":{"self":[{"href":"https:\/\/focolare.ro\/hu\/wp-json\/wp\/v2\/pages\/3760","targetHints":{"allow":["GET"]}}],"collection":[{"href":"https:\/\/focolare.ro\/hu\/wp-json\/wp\/v2\/pages"}],"about":[{"href":"https:\/\/focolare.ro\/hu\/wp-json\/wp\/v2\/types\/page"}],"author":[{"embeddable":true,"href":"https:\/\/focolare.ro\/hu\/wp-json\/wp\/v2\/users\/9"}],"replies":[{"embeddable":true,"href":"https:\/\/focolare.ro\/hu\/wp-json\/wp\/v2\/comments?post=3760"}],"version-history":[{"count":6,"href":"https:\/\/focolare.ro\/hu\/wp-json\/wp\/v2\/pages\/3760\/revisions"}],"predecessor-version":[{"id":4376,"href":"https:\/\/focolare.ro\/hu\/wp-json\/wp\/v2\/pages\/3760\/revisions\/4376"}],"up":[{"embeddable":true,"href":"https:\/\/focolare.ro\/hu\/wp-json\/wp\/v2\/pages\/3202"}],"wp:attachment":[{"href":"https:\/\/focolare.ro\/hu\/wp-json\/wp\/v2\/media?parent=3760"}],"curies":[{"name":"wp","href":"https:\/\/api.w.org\/{rel}","templated":true}]}}