{"id":4054,"date":"2022-04-03T14:22:54","date_gmt":"2022-04-03T11:22:54","guid":{"rendered":"https:\/\/focolare.ro\/az-elet-igeje\/az-elet-igeje-2023\/2023-november\/"},"modified":"2024-04-26T18:41:17","modified_gmt":"2024-04-26T15:41:17","slug":"2023-november","status":"publish","type":"page","link":"https:\/\/focolare.ro\/hu\/az-elet-igeje\/az-elet-igeje-2023\/2023-november\/","title":{"rendered":"2023. November"},"content":{"rendered":"<p><div class=\"fusion-fullwidth fullwidth-box fusion-builder-row-1 fusion-flex-container has-pattern-background has-mask-background fusion-parallax-none nonhundred-percent-fullwidth non-hundred-percent-height-scrolling lazyload\" style=\"--awb-border-radius-top-left:0px;--awb-border-radius-top-right:0px;--awb-border-radius-bottom-right:0px;--awb-border-radius-bottom-left:0px;--awb-background-color:var(--awb-custom14);--awb-background-size:cover;--awb-flex-wrap:wrap;\" data-bg=\"https:\/\/focolare.ro\/wp-content\/uploads\/2023\/10\/CVnoiembrie2023.jpg\" ><div class=\"fusion-builder-row fusion-row fusion-flex-align-items-flex-start fusion-flex-content-wrap\" style=\"max-width:1216.8px;margin-left: calc(-4% \/ 2 );margin-right: calc(-4% \/ 2 );\"><div class=\"fusion-layout-column fusion_builder_column fusion-builder-column-0 fusion_builder_column_1_1 1_1 fusion-flex-column\" style=\"--awb-bg-size:cover;--awb-width-large:100%;--awb-margin-top-large:0px;--awb-spacing-right-large:1.92%;--awb-margin-bottom-large:20px;--awb-spacing-left-large:1.92%;--awb-width-medium:100%;--awb-order-medium:0;--awb-spacing-right-medium:1.92%;--awb-spacing-left-medium:1.92%;--awb-width-small:100%;--awb-order-small:0;--awb-spacing-right-small:1.92%;--awb-spacing-left-small:1.92%;\"><div class=\"fusion-column-wrapper fusion-column-has-shadow fusion-flex-justify-content-flex-start fusion-content-layout-column\"><div class=\"fusion-separator fusion-full-width-sep\" style=\"align-self: center;margin-left: auto;margin-right: auto;margin-bottom:200px;width:100%;\"><\/div><div class=\"fusion-title title fusion-title-1 fusion-sep-none fusion-title-text fusion-title-size-two\" style=\"--awb-text-color:var(--awb-color1);\"><h2 class=\"fusion-title-heading title-heading-left\" style=\"margin:0;\">2023. November<\/h2><\/div><\/div><\/div><\/div><\/div><div class=\"fusion-fullwidth fullwidth-box fusion-builder-row-2 fusion-flex-container nonhundred-percent-fullwidth non-hundred-percent-height-scrolling\" style=\"--awb-border-radius-top-left:0px;--awb-border-radius-top-right:0px;--awb-border-radius-bottom-right:0px;--awb-border-radius-bottom-left:0px;--awb-background-color:var(--awb-color1);--awb-flex-wrap:wrap;\" ><div class=\"fusion-builder-row fusion-row fusion-flex-align-items-flex-start fusion-flex-content-wrap\" style=\"max-width:1216.8px;margin-left: calc(-4% \/ 2 );margin-right: calc(-4% \/ 2 );\"><div class=\"fusion-layout-column fusion_builder_column fusion-builder-column-1 fusion_builder_column_1_1 1_1 fusion-flex-column\" style=\"--awb-bg-size:cover;--awb-width-large:100%;--awb-margin-top-large:0px;--awb-spacing-right-large:1.92%;--awb-margin-bottom-large:20px;--awb-spacing-left-large:1.92%;--awb-width-medium:100%;--awb-order-medium:0;--awb-spacing-right-medium:1.92%;--awb-spacing-left-medium:1.92%;--awb-width-small:100%;--awb-order-small:0;--awb-spacing-right-small:1.92%;--awb-spacing-left-small:1.92%;\"><div class=\"fusion-column-wrapper fusion-column-has-shadow fusion-flex-justify-content-flex-start fusion-content-layout-column\"><div class=\"fusion-separator fusion-full-width-sep\" style=\"align-self: center;margin-left: auto;margin-right: auto;margin-bottom:100px;width:100%;\"><\/div><\/div><\/div><\/div><\/div><div class=\"fusion-fullwidth fullwidth-box fusion-builder-row-3 fusion-flex-container nonhundred-percent-fullwidth non-hundred-percent-height-scrolling\" style=\"--awb-border-radius-top-left:0px;--awb-border-radius-top-right:0px;--awb-border-radius-bottom-right:0px;--awb-border-radius-bottom-left:0px;--awb-flex-wrap:wrap;\" ><div class=\"fusion-builder-row fusion-row fusion-flex-align-items-flex-start fusion-flex-content-wrap\" style=\"max-width:1216.8px;margin-left: calc(-4% \/ 2 );margin-right: calc(-4% \/ 2 );\"><div class=\"fusion-layout-column fusion_builder_column fusion-builder-column-2 fusion_builder_column_2_3 2_3 fusion-flex-column\" style=\"--awb-bg-size:cover;--awb-width-large:66.666666666667%;--awb-margin-top-large:0px;--awb-spacing-right-large:2.88%;--awb-margin-bottom-large:20px;--awb-spacing-left-large:2.88%;--awb-width-medium:100%;--awb-order-medium:0;--awb-spacing-right-medium:1.92%;--awb-spacing-left-medium:1.92%;--awb-width-small:100%;--awb-order-small:0;--awb-spacing-right-small:1.92%;--awb-spacing-left-small:1.92%;\"><div class=\"fusion-column-wrapper fusion-column-has-shadow fusion-flex-justify-content-flex-start fusion-content-layout-column\"><div class=\"fusion-text fusion-text-1\" style=\"--awb-text-transform:none;\"><p><strong>2023. november<\/strong><\/p>\n<p>&nbsp;<\/p>\n<p><strong>\u201e<\/strong><strong>Mindny\u00e1jan a vil\u00e1goss\u00e1g fiai \u00e9s a nappal fiai vagytok. Nem vagyunk az \u00e9jszak\u00e1\u00e9, sem a s\u00f6t\u00e9ts\u00e9g\u00e9.<\/strong><strong>\u201d (<em>1Tessz<\/em> 5,5)<\/strong><\/p>\n<p>A f\u00e9ny mindig is az \u00e9letet szimboliz\u00e1lta. Minden nap v\u00e1rjuk a hajnalt mint az \u00faj kezdet el\u0151h\u00edrn\u00f6k\u00e9t.<\/p>\n<p>A f\u00e9ny t\u00e9m\u00e1ja megjelenik a n\u00e9pek t\u00f6rt\u00e9nelm\u00e9ben \u00e9s az \u0151si vall\u00e1sokban is.<\/p>\n<p>A zsid\u00f3 hagyom\u00e1ny a f\u00e9ny \u00fcnnep\u00e9t, a <em>hanuk\u00e1t<\/em> \u00fcnnepli, amely a jeruzs\u00e1lemi templom \u00fajraszentel\u00e9s\u00e9nek \u00e9s a pog\u00e1ny kultuszokt\u00f3l val\u00f3 megszabadul\u00e1snak \u00e1ll\u00edt eml\u00e9ket. A muszlimok a pr\u00f3f\u00e9ta sz\u00fclet\u00e9s\u00e9nek napj\u00e1n, arabul <em>Mawlid<\/em> vagy t\u00f6r\u00f6k\u00fcl <em>Mevlid Kandili<\/em> napj\u00e1n gy\u00fajtanak gyerty\u00e1t.<\/p>\n<p>A <em>Diwali<\/em> eredetileg hindu \u00fcnnep, \u00e9s a neve azt jelenti, hogy a f\u00e9nyek sorozata. K\u00fcl\u00f6nf\u00e9le indiai vall\u00e1sok is meg\u00fcnneplik, mint a j\u00f3 gy\u0151zelm\u00e9t a gonosz f\u00f6l\u00f6tt.<\/p>\n<p>A kereszt\u00e9nyek sz\u00e1m\u00e1ra J\u00e9zus Krisztus a vil\u00e1g s\u00f6t\u00e9ts\u00e9g\u00e9t megvil\u00e1g\u00edt\u00f3 f\u00e9ny.<\/p>\n<p>Ez\u00e9rt m\u00e9ly szimbolik\u00e1t rejt\u0151 val\u00f3s\u00e1g, isteni jelenl\u00e9tet hordoz, \u00e9s aj\u00e1nd\u00e9k az emberis\u00e9g \u00e9s az eg\u00e9sz F\u00f6ld sz\u00e1m\u00e1ra.<\/p>\n<p><strong>\u201e<\/strong><strong>Mindny\u00e1jan a vil\u00e1goss\u00e1g fiai \u00e9s a nappal fiai vagytok. Nem vagyunk az \u00e9jszak\u00e1\u00e9, sem a s\u00f6t\u00e9ts\u00e9g\u00e9.<\/strong><strong>\u201d.<\/strong><\/p>\n<p>Vajon mi jellemz\u0151 a nappal fiaira? Els\u0151sorban az, hogy \u201enem vagyunk az \u00e9jszak\u00e1\u00e9, sem a s\u00f6t\u00e9ts\u00e9g\u00e9\u201d. Az alv\u00e1sr\u00f3l, az ap\u00e1ti\u00e1r\u00f3l val\u00f3 lemond\u00e1s elhat\u00e1roz\u00e1s k\u00e9rd\u00e9se, ez abban \u00e1ll, hogy \u00e9berek maradunk. A szeretet d\u00f6nt\u00e9se, hogy teljes eg\u00e9sz\u00e9ben kihaszn\u00e1ljuk \u00e9s meg\u00e9lj\u00fck az id\u0151t.<\/p>\n<p>Az apostol s\u00fcrget\u0151 felh\u00edv\u00e1sa a tesszalonikai k\u00f6z\u00f6ss\u00e9g fel\u00e9 teh\u00e1t az, hogy egy\u00fctt virrasszanak, lemondva minden lomhas\u00e1gr\u00f3l \u00e9s k\u00f6z\u00f6nyr\u0151l. Olyan id\u0151szakban \u00e9l\u00fcnk, amikor az emberis\u00e9gnek k\u00fcl\u00f6n\u00f6sen nagy sz\u00fcks\u00e9ge van a f\u00e9nyre. Most azoknak, akik nem az \u00e9jszak\u00e1\u00e9 vagyunk, az a feladatunk, hogy folyamatosan odaadva \u00f6nmagunkat f\u00e9nyt vigy\u00fcnk az emberek k\u00f6z\u00f6tti kapcsolatokba, hogy hittel, szeretettel \u00e9s rem\u00e9nnyel tegy\u00fck l\u00e1that\u00f3v\u00e1 a felt\u00e1madott jelenl\u00e9t\u00e9t, ahogy P\u00e1l \u00edrja (v\u00f6. <em>1Tessz<\/em> 5,8).<\/p>\n<p>Ezen fel\u00fcl pedig szorosabb \u00e9s igazabb kapcsolatot kell \u00e1polnunk Istennel, a sz\u00edv\u00fcnk m\u00e9ly\u00e9re \u00e1sva az im\u00e1ds\u00e1gon kereszt\u00fcl megtal\u00e1lni a vele val\u00f3 besz\u00e9lget\u00e9s pillanatait, \u00e9s gyakorlatra v\u00e1ltani az \u0150 ig\u00e9j\u00e9t, amely \u00e9pp ezt a f\u00e9nyt ragyogtatja fel.<\/p>\n<p><strong>\u201e<\/strong><strong>Mindny\u00e1jan a vil\u00e1goss\u00e1g fiai \u00e9s a nappal fiai vagytok. Nem vagyunk az \u00e9jszak\u00e1\u00e9, sem a s\u00f6t\u00e9ts\u00e9g\u00e9.<\/strong><strong>\u201d.<\/strong><\/p>\n<p>N\u00e9ha hozz\u00e1szokunk, hogy sz\u00edv\u00fcnk s\u00f6t\u00e9ts\u00e9g\u00e9ben \u00e9lj\u00fcnk, vagy megel\u00e9gsz\u00fcnk a sok mesters\u00e9ges f\u00e9nnyel, a vil\u00e1g k\u00fcl\u00f6nb\u00f6z\u0151 boldogs\u00e1g\u00edg\u00e9reteivel. De Isten mindig arra h\u00edv, hogy az \u0150 f\u00e9nye ragyoghasson benn\u00fcnk, \u00e9s \u00fagy n\u00e9zz\u00fcnk az emberekre \u00e9s az esem\u00e9nyekre, hogy fel tudjuk fedezni benn\u00fck a mindent \u00e1tsz\u00f6v\u0151 aranysz\u00e1lat.<\/p>\n<p>T\u00f6rekedj\u00fcnk folyamatosan az \u00fajj\u00e1sz\u00fclet\u00e9st hoz\u00f3 d\u00f6nt\u00e9sekre, az elhat\u00e1roz\u00e1sra, hogy \u00e1tl\u00e9pj\u00fcnk a s\u00f6t\u00e9ts\u00e9gb\u0151l a vil\u00e1goss\u00e1gba. \u201eA kereszt\u00e9ny nem menek\u00fclhet a vil\u00e1gb\u00f3l, nem rejt\u0151zhet el, \u00e9s nem tarthatja a vall\u00e1st mag\u00e1n\u00fcgynek \u2013 \u00edrja Chiara Lubich. \u201eA vil\u00e1gban \u00e9l, mert felel\u0151s \u00e9rte, mert az a k\u00fcldet\u00e9se minden emberhez, hogy f\u00e9ny legyen, amely vil\u00e1g\u00edt. Ez a te k\u00fcldet\u00e9sed is, s ha nem e szerint cselekszel, \u00e9ppoly haszontalann\u00e1 v\u00e1lsz, mint a s\u00f3, amely \u00edz\u00e9t vesztette, vagy mint a f\u00e9ny, amely s\u00f6t\u00e9ts\u00e9gg\u00e9 lett.<a href=\"#_ftn1\" name=\"_ftnref1\">[1]<\/a> [\u2026] A kereszt\u00e9ny feladata teh\u00e1t az, hogy hagyja \u00e1tragyogni \u00f6nmag\u00e1n a benne lak\u00f3 f\u00e9nyt, hogy Isten jelenl\u00e9t\u00e9nek \u00bbjele\u00ab legyen az emberek k\u00f6z\u00f6tt.\u201d <a href=\"#_ftn2\" name=\"_ftnref2\">[2]<\/a><\/p>\n<p><strong>\u201e<\/strong><strong>Mindny\u00e1jan a vil\u00e1goss\u00e1g fiai \u00e9s a nappal fiai vagytok. Nem vagyunk az \u00e9jszak\u00e1\u00e9, sem a s\u00f6t\u00e9ts\u00e9g\u00e9.<\/strong><strong>\u201d.<\/strong><\/p>\n<p>Isten a vil\u00e1goss\u00e1g, \u00e9s akik \u0151szinte sz\u00edvvel keresik, megtal\u00e1lj\u00e1k \u0150t. B\u00e1rmi t\u00f6rt\u00e9nj\u00e9k is, soha nem szakadunk el az \u0150 szeretet\u00e9t\u0151l, mert a gyermekei vagyunk. Ha meg vagyunk gy\u0151z\u0151dve err\u0151l, akkor nem fognak minket felkavarni vagy \u00f6sszet\u00f6rni a megr\u00e1z\u00f3 esem\u00e9nyek sem.<\/p>\n<p>Az idei t\u00f6r\u00f6korsz\u00e1gi \u00e9s sz\u00edriai f\u00f6ldreng\u00e9s t\u00f6bb, mint 50 ezer ember\u00e9letet k\u00f6vetelt, milli\u00f3k k\u00f6r\u00fclm\u00e9nyeit forgatta fel. Akik t\u00fal\u00e9lt\u00e9k a katasztr\u00f3f\u00e1t \u2013 ott helyben eg\u00e9sz k\u00f6z\u00f6ss\u00e9gek, valamint m\u00e1s orsz\u00e1gbeli t\u00e1rsaik is \u2013, mint megannyi f\u00e9nyl\u0151 pont, r\u00f6gt\u00f6n azon f\u00e1radoztak, hogy seg\u00edts\u00e9get \u00e9s enyh\u00fcl\u00e9st ny\u00fajtsanak azoknak, akik elvesztett\u00e9k szeretteiket, otthonukat \u00e9s minden\u00fcket.<\/p>\n<p>A s\u00f6t\u00e9ts\u00e9g soha nem gy\u0151zheti le azokat, akik amellett d\u00f6ntenek, hogy a f\u00e9nyben \u00e9lnek \u00e9s f\u00e9nyt fakasztanak. Nek\u00fcnk, kereszt\u00e9nyeknek ez azt jelenti, hogy Krisztussal k\u00f6z\u00f6tt\u00fcnk \u00e9l\u00fcnk. Az \u0151 jelenl\u00e9te \u00faj lehet\u0151s\u00e9geket villant fel az \u00e9let\u00fcnkben, k\u00e9pes visszaadni a rem\u00e9nyt, \u00e9s \u00e1ltala tov\u00e1bbra is Isten szeretet\u00e9ben lakozhatunk.<\/p>\n<p>Patrizia Mazzola \u00e9s az \u00e9letige csoport gondoz\u00e1sban<\/p>\n<p><a href=\"#_ftnref1\" name=\"_ftn1\">[1]<\/a>v\u00f6. <em>Mt<\/em> 5,13-16<\/p>\n<p><a href=\"#_ftnref2\" name=\"_ftn2\">[2]<\/a>C. Lubich, Az \u00e9let ig\u00e9je, 1979. augusztus, C. Lubich \u00e9s m\u00e1s kereszt\u00e9nyek: <em>\u00c9lj\u00fck az Ig\u00e9t<\/em> 2., Budapest, 2008 Fabio Ciardi (Opere di Chiara Lubich 5; Citta\u0300 Nuova, Roma 2017) pp. 145-146.<\/p>\n<\/div><\/div><\/div><div class=\"fusion-layout-column fusion_builder_column fusion-builder-column-3 fusion_builder_column_1_3 1_3 fusion-flex-column\" style=\"--awb-padding-top:30px;--awb-padding-right:30px;--awb-padding-bottom:10px;--awb-padding-left:30px;--awb-bg-color:var(--awb-custom13);--awb-bg-color-hover:var(--awb-custom13);--awb-bg-size:cover;--awb-width-large:33.333333333333%;--awb-margin-top-large:0px;--awb-spacing-right-large:5.76%;--awb-margin-bottom-large:20px;--awb-spacing-left-large:5.76%;--awb-width-medium:100%;--awb-order-medium:0;--awb-spacing-right-medium:1.92%;--awb-spacing-left-medium:1.92%;--awb-width-small:100%;--awb-order-small:0;--awb-spacing-right-small:1.92%;--awb-spacing-left-small:1.92%;\"><div class=\"fusion-column-wrapper fusion-column-has-shadow fusion-flex-justify-content-flex-start fusion-content-layout-column\"><div class=\"fusion-title title fusion-title-2 fusion-sep-none fusion-title-center fusion-title-text fusion-title-size-four\"><h4 class=\"fusion-title-heading title-heading-center\" style=\"margin:0;\">T\u00f6ltsd le PDF form\u00e1tumban<\/h4><\/div><div style=\"text-align:center;\"><a class=\"fusion-button button-flat fusion-button-default-size button-default fusion-button-default button-1 fusion-button-span-yes fusion-button-default-type\" style=\"--button_margin-bottom:20px;\" target=\"_blank\" rel=\"noopener noreferrer\" href=\"https:\/\/focolare.ro\/wp-content\/uploads\/2023\/10\/CV-11-2023-A5-HU.pdf\"><span class=\"fusion-button-icon-divider button-icon-divider-left\"><i class=\"fa-file-pdf fas awb-button__icon awb-button__icon--default\" aria-hidden=\"true\"><\/i><\/span><span class=\"fusion-button-text awb-button__text awb-button__text--default fusion-button-text-left\">Feln\u0151ttek r\u00e9sz\u00e9re<\/span><\/a><\/div><div style=\"text-align:center;\"><a class=\"fusion-button button-flat fusion-button-default-size button-default fusion-button-default button-2 fusion-button-span-yes fusion-button-default-type\" style=\"--button_margin-bottom:20px;\" target=\"_blank\" rel=\"noopener noreferrer\" href=\"https:\/\/focolare.ro\/wp-content\/uploads\/2023\/10\/CV.11.2023_tineri.pdf\"><span class=\"fusion-button-icon-divider button-icon-divider-left\"><i class=\"fa-file-pdf fas awb-button__icon awb-button__icon--default\" aria-hidden=\"true\"><\/i><\/span><span class=\"fusion-button-text awb-button__text awb-button__text--default fusion-button-text-left\">Fiataloknak<\/span><\/a><\/div><div style=\"text-align:center;\"><a class=\"fusion-button button-flat fusion-button-default-size button-default fusion-button-default button-3 fusion-button-span-yes fusion-button-default-type\" style=\"--button_margin-bottom:20px;\" target=\"_blank\" rel=\"noopener noreferrer\" href=\"https:\/\/focolare.ro\/wp-content\/uploads\/2023\/11\/Pdv_202311_hu_Color.pdf\"><span class=\"fusion-button-icon-divider button-icon-divider-left\"><i class=\"fa-file-pdf fas awb-button__icon awb-button__icon--default\" aria-hidden=\"true\"><\/i><\/span><span class=\"fusion-button-text awb-button__text awb-button__text--default fusion-button-text-left\">Gyerekeknek sz\u00ednes v\u00e1ltozat<\/span><\/a><\/div><div style=\"text-align:center;\"><a class=\"fusion-button button-flat fusion-button-default-size button-default fusion-button-default button-4 fusion-button-span-yes fusion-button-default-type\" style=\"--button_margin-bottom:20px;\" target=\"_blank\" rel=\"noopener noreferrer\" href=\"https:\/\/focolare.ro\/wp-content\/uploads\/2023\/11\/ige202311kif.pdf\"><span class=\"fusion-button-icon-divider button-icon-divider-left\"><i class=\"fa-file-pdf fas awb-button__icon awb-button__icon--default\" aria-hidden=\"true\"><\/i><\/span><span class=\"fusion-button-text awb-button__text awb-button__text--default fusion-button-text-left\">Gyerekeknek kifest\u0151<\/span><\/a><\/div><\/div><\/div><\/div><\/div><div class=\"fusion-fullwidth fullwidth-box fusion-builder-row-4 fusion-flex-container nonhundred-percent-fullwidth non-hundred-percent-height-scrolling\" style=\"--awb-border-sizes-bottom:3px;--awb-border-color:var(--awb-color5);--awb-border-radius-top-left:0px;--awb-border-radius-top-right:0px;--awb-border-radius-bottom-right:0px;--awb-border-radius-bottom-left:0px;--awb-flex-wrap:wrap;\" ><div class=\"fusion-builder-row fusion-row fusion-flex-align-items-flex-start fusion-flex-content-wrap\" style=\"max-width:1216.8px;margin-left: calc(-4% \/ 2 );margin-right: calc(-4% \/ 2 );\"><\/div><\/div><div class=\"fusion-fullwidth fullwidth-box fusion-builder-row-5 fusion-flex-container nonhundred-percent-fullwidth non-hundred-percent-height-scrolling\" style=\"--awb-border-radius-top-left:0px;--awb-border-radius-top-right:0px;--awb-border-radius-bottom-right:0px;--awb-border-radius-bottom-left:0px;--awb-flex-wrap:wrap;\" ><div class=\"fusion-builder-row fusion-row fusion-flex-align-items-flex-start fusion-flex-content-wrap\" style=\"max-width:1216.8px;margin-left: calc(-4% \/ 2 );margin-right: calc(-4% \/ 2 );\"><div class=\"fusion-layout-column fusion_builder_column fusion-builder-column-4 fusion_builder_column_1_1 1_1 fusion-flex-column\" style=\"--awb-bg-size:cover;--awb-width-large:100%;--awb-margin-top-large:0px;--awb-spacing-right-large:1.92%;--awb-margin-bottom-large:0px;--awb-spacing-left-large:1.92%;--awb-width-medium:100%;--awb-spacing-right-medium:1.92%;--awb-spacing-left-medium:1.92%;--awb-width-small:100%;--awb-spacing-right-small:1.92%;--awb-spacing-left-small:1.92%;\"><div class=\"fusion-column-wrapper fusion-flex-justify-content-flex-start fusion-content-layout-column\"><div class=\"fusion-text fusion-text-2\"><p>\u00a0<\/p>\n<\/div><\/div><\/div><\/div><\/div><div class=\"fusion-fullwidth fullwidth-box fusion-builder-row-6 fusion-flex-container nonhundred-percent-fullwidth non-hundred-percent-height-scrolling\" style=\"--awb-border-radius-top-left:0px;--awb-border-radius-top-right:0px;--awb-border-radius-bottom-right:0px;--awb-border-radius-bottom-left:0px;--awb-flex-wrap:wrap;\" ><div class=\"fusion-builder-row fusion-row fusion-flex-align-items-flex-start fusion-flex-content-wrap\" style=\"max-width:1216.8px;margin-left: calc(-4% \/ 2 );margin-right: calc(-4% \/ 2 );\"><div class=\"fusion-layout-column fusion_builder_column fusion-builder-column-5 fusion_builder_column_1_1 1_1 fusion-flex-column\" style=\"--awb-bg-size:cover;--awb-width-large:100%;--awb-margin-top-large:0px;--awb-spacing-right-large:1.92%;--awb-margin-bottom-large:0px;--awb-spacing-left-large:1.92%;--awb-width-medium:100%;--awb-spacing-right-medium:1.92%;--awb-spacing-left-medium:1.92%;--awb-width-small:100%;--awb-spacing-right-small:1.92%;--awb-spacing-left-small:1.92%;\"><div class=\"fusion-column-wrapper fusion-flex-justify-content-flex-start fusion-content-layout-column\"><div class=\"fusion-text fusion-text-3\"><p>\u00a0<\/p>\n<\/div><\/div><\/div><\/div><\/div><\/p>\n","protected":false},"excerpt":{"rendered":"","protected":false},"author":9,"featured_media":0,"parent":3202,"menu_order":0,"comment_status":"closed","ping_status":"closed","template":"100-width.php","meta":{"footnotes":""},"class_list":["post-4054","page","type-page","status-publish","hentry"],"_links":{"self":[{"href":"https:\/\/focolare.ro\/hu\/wp-json\/wp\/v2\/pages\/4054","targetHints":{"allow":["GET"]}}],"collection":[{"href":"https:\/\/focolare.ro\/hu\/wp-json\/wp\/v2\/pages"}],"about":[{"href":"https:\/\/focolare.ro\/hu\/wp-json\/wp\/v2\/types\/page"}],"author":[{"embeddable":true,"href":"https:\/\/focolare.ro\/hu\/wp-json\/wp\/v2\/users\/9"}],"replies":[{"embeddable":true,"href":"https:\/\/focolare.ro\/hu\/wp-json\/wp\/v2\/comments?post=4054"}],"version-history":[{"count":10,"href":"https:\/\/focolare.ro\/hu\/wp-json\/wp\/v2\/pages\/4054\/revisions"}],"predecessor-version":[{"id":4382,"href":"https:\/\/focolare.ro\/hu\/wp-json\/wp\/v2\/pages\/4054\/revisions\/4382"}],"up":[{"embeddable":true,"href":"https:\/\/focolare.ro\/hu\/wp-json\/wp\/v2\/pages\/3202"}],"wp:attachment":[{"href":"https:\/\/focolare.ro\/hu\/wp-json\/wp\/v2\/media?parent=4054"}],"curies":[{"name":"wp","href":"https:\/\/api.w.org\/{rel}","templated":true}]}}