{"id":5067,"date":"2022-04-03T14:22:54","date_gmt":"2022-04-03T11:22:54","guid":{"rendered":"https:\/\/focolare.ro\/az-elet-igeje\/az-elet-igeje-2024\/2024-szeptember\/"},"modified":"2024-10-14T10:14:34","modified_gmt":"2024-10-14T07:14:34","slug":"2024-szeptember","status":"publish","type":"page","link":"https:\/\/focolare.ro\/hu\/az-elet-igeje\/az-elet-igeje-2024\/2024-szeptember\/","title":{"rendered":"2024. szeptember"},"content":{"rendered":"<p><div class=\"fusion-fullwidth fullwidth-box fusion-builder-row-1 fusion-flex-container has-pattern-background has-mask-background fusion-parallax-none nonhundred-percent-fullwidth non-hundred-percent-height-scrolling lazyload\" style=\"--awb-border-radius-top-left:0px;--awb-border-radius-top-right:0px;--awb-border-radius-bottom-right:0px;--awb-border-radius-bottom-left:0px;--awb-background-color:var(--awb-custom14);--awb-background-size:cover;--awb-flex-wrap:wrap;\" data-bg=\"https:\/\/focolare.ro\/wp-content\/uploads\/2024\/08\/cvseptembrie2024.jpg\" ><div class=\"fusion-builder-row fusion-row fusion-flex-align-items-flex-start fusion-flex-content-wrap\" style=\"max-width:1216.8px;margin-left: calc(-4% \/ 2 );margin-right: calc(-4% \/ 2 );\"><div class=\"fusion-layout-column fusion_builder_column fusion-builder-column-0 fusion_builder_column_1_1 1_1 fusion-flex-column\" style=\"--awb-bg-size:cover;--awb-width-large:100%;--awb-margin-top-large:0px;--awb-spacing-right-large:1.92%;--awb-margin-bottom-large:20px;--awb-spacing-left-large:1.92%;--awb-width-medium:100%;--awb-order-medium:0;--awb-spacing-right-medium:1.92%;--awb-spacing-left-medium:1.92%;--awb-width-small:100%;--awb-order-small:0;--awb-spacing-right-small:1.92%;--awb-spacing-left-small:1.92%;\"><div class=\"fusion-column-wrapper fusion-column-has-shadow fusion-flex-justify-content-flex-start fusion-content-layout-column\"><div class=\"fusion-separator fusion-full-width-sep\" style=\"align-self: center;margin-left: auto;margin-right: auto;margin-bottom:200px;width:100%;\"><\/div><div class=\"fusion-title title fusion-title-1 fusion-sep-none fusion-title-text fusion-title-size-two\" style=\"--awb-text-color:var(--awb-color1);\"><h2 class=\"fusion-title-heading title-heading-left\" style=\"margin:0;\">2024. szeptember<\/h2><\/div><\/div><\/div><\/div><\/div><div class=\"fusion-fullwidth fullwidth-box fusion-builder-row-2 fusion-flex-container nonhundred-percent-fullwidth non-hundred-percent-height-scrolling\" style=\"--awb-border-radius-top-left:0px;--awb-border-radius-top-right:0px;--awb-border-radius-bottom-right:0px;--awb-border-radius-bottom-left:0px;--awb-background-color:var(--awb-color1);--awb-flex-wrap:wrap;\" ><div class=\"fusion-builder-row fusion-row fusion-flex-align-items-flex-start fusion-flex-content-wrap\" style=\"max-width:1216.8px;margin-left: calc(-4% \/ 2 );margin-right: calc(-4% \/ 2 );\"><div class=\"fusion-layout-column fusion_builder_column fusion-builder-column-1 fusion_builder_column_1_1 1_1 fusion-flex-column\" style=\"--awb-bg-size:cover;--awb-width-large:100%;--awb-margin-top-large:0px;--awb-spacing-right-large:1.92%;--awb-margin-bottom-large:20px;--awb-spacing-left-large:1.92%;--awb-width-medium:100%;--awb-order-medium:0;--awb-spacing-right-medium:1.92%;--awb-spacing-left-medium:1.92%;--awb-width-small:100%;--awb-order-small:0;--awb-spacing-right-small:1.92%;--awb-spacing-left-small:1.92%;\"><div class=\"fusion-column-wrapper fusion-column-has-shadow fusion-flex-justify-content-flex-start fusion-content-layout-column\"><div class=\"fusion-separator fusion-full-width-sep\" style=\"align-self: center;margin-left: auto;margin-right: auto;margin-bottom:100px;width:100%;\"><\/div><\/div><\/div><\/div><\/div><div class=\"fusion-fullwidth fullwidth-box fusion-builder-row-3 fusion-flex-container nonhundred-percent-fullwidth non-hundred-percent-height-scrolling\" style=\"--awb-border-radius-top-left:0px;--awb-border-radius-top-right:0px;--awb-border-radius-bottom-right:0px;--awb-border-radius-bottom-left:0px;--awb-flex-wrap:wrap;\" ><div class=\"fusion-builder-row fusion-row fusion-flex-align-items-flex-start fusion-flex-content-wrap\" style=\"max-width:1216.8px;margin-left: calc(-4% \/ 2 );margin-right: calc(-4% \/ 2 );\"><div class=\"fusion-layout-column fusion_builder_column fusion-builder-column-2 fusion_builder_column_2_3 2_3 fusion-flex-column\" style=\"--awb-bg-size:cover;--awb-width-large:66.666666666667%;--awb-margin-top-large:0px;--awb-spacing-right-large:2.88%;--awb-margin-bottom-large:20px;--awb-spacing-left-large:2.88%;--awb-width-medium:100%;--awb-order-medium:0;--awb-spacing-right-medium:1.92%;--awb-spacing-left-medium:1.92%;--awb-width-small:100%;--awb-order-small:0;--awb-spacing-right-small:1.92%;--awb-spacing-left-small:1.92%;\"><div class=\"fusion-column-wrapper fusion-column-has-shadow fusion-flex-justify-content-flex-start fusion-content-layout-column\"><div class=\"fusion-text fusion-text-1\" style=\"--awb-text-transform:none;\"><h3><strong>2024. szeptember<\/strong><\/h3>\n<p><strong>\u201e<\/strong><strong>Cselekedjetek az ige szerint, s ne csak hallgass\u00e1tok, \u00f6nmagatokat \u00e1m\u00edtva<\/strong><strong>\u201d (<em>Jak<\/em> 1,22)<\/strong><br \/>K\u00e9t fontos t\u00e9ma a meghallgat\u00e1s \u00e9s a gyakorl\u00e1s, amelyet e havi ig\u00e9nk szerz\u0151je is alapvet\u0151nek tart. A lev\u00e9l ugyanis \u00edgy folytat\u00f3dik: \u201eAki ellenben figyelmesen tanulm\u00e1nyozza a szabads\u00e1g t\u00f6k\u00e9letes t\u00f6rv\u00e9ny\u00e9t, \u00e9s ki is tart mellette, aki nem feled\u00e9keny hallgat\u00f3ja, hanem tettekre v\u00e1lt\u00f3ja, az teljes\u00edt\u00e9s\u00e9ben boldog lesz.\u201d (<em>Jak<\/em> 1,25) Teh\u00e1t az Isten ig\u00e9j\u00e9nek megismer\u00e9se \u00e9s meg\u00e9l\u00e9se ir\u00e1nti odaad\u00e1s az, ami szabadd\u00e1 tesz \u00e9s \u00f6r\u00f6met ad.<br \/>Azt is mondhatn\u00e1nk, hogy e havi bibliai ig\u00e9nk \u00f6nmag\u00e1ban is oka annak, hogy az \u00e9let ig\u00e9j\u00e9nek gyakorlata elterjedt az eg\u00e9sz vil\u00e1gon. Chiara Lubich hetente egyszer, majd havonta egyszer kiv\u00e1lasztott egy szent\u00edr\u00e1si mondatot, \u00e9s magyar\u00e1zattal l\u00e1tta el. Azt\u00e1n tal\u00e1lkoztak \u00e9s megosztott\u00e1k egym\u00e1ssal a tapasztalataikat arr\u00f3l, hogy az ige \u00e9lete milyen gy\u00fcm\u00f6lcs\u00f6t termett. Egys\u00e9ges k\u00f6z\u00f6ss\u00e9g j\u00f6tt \u00edgy l\u00e9tre, amely cs\u00edr\u00e1j\u00e1ban megmutatta, hogy milyen hat\u00e1ssal lehet a t\u00e1rsadalomra a meg\u00e9lt ige.<br \/>\u201eEgyszer\u0171s\u00e9ge ellen\u00e9re ez a kezdem\u00e9nyez\u00e9s a 20. sz\u00e1zadban jelent\u0151sen hozz\u00e1j\u00e1rult Isten ig\u00e9j\u00e9nek \u00fajrafelfedez\u00e9s\u00e9hez a kereszt\u00e9ny vil\u00e1gban\u201d<a href=\"C. Lubich, Az \u00e9let ig\u00e9i, El\u0151sz\u00f3, Fabio Ciardi gondoz\u00e1s\u00e1ban, (Chiara Lubich M\u0171vei 5), Citt\u00e0 Nuova, R\u00f3ma 2017, 9. o.\" name=\"_ftnref1\">[1]<\/a>, mert \u201em\u00f3dszert\u201d adott az evang\u00e9lium meg\u00e9l\u00e9s\u00e9re \u00e9s hat\u00e1sainak megoszt\u00e1s\u00e1ra.<br \/><strong>\u201e<\/strong><strong>Cselekedjetek az ige szerint, s ne csak hallgass\u00e1tok, \u00f6nmagatokat \u00e1m\u00edtva<\/strong><strong>\u201d<\/strong><br \/>Jakab levele arr\u00f3l sz\u00f3l, amit J\u00e9zus hirdetett, hogy \u00e9letre keltse \u00e9s megtapasztalhat\u00f3v\u00e1 tegye a mennyek orsz\u00e1g\u00e1nak val\u00f3s\u00e1g\u00e1t k\u00f6z\u00f6tt\u00fcnk: kijelenti, hogy \u00e1ldott, aki hallgatja az ig\u00e9t \u00e9s megtartja[1]; anyj\u00e1nak \u00e9s testv\u00e9reinek mondja azokat, akik hallgatj\u00e1k \u00e9s gyakorlatra v\u00e1ltj\u00e1k<a href=\"v\u00f6. Lk 11,28\" name=\"_ftnref2\">[2]<\/a>; a maghoz hasonl\u00edtja, amely, ha j\u00f3 f\u00f6ldbe hull, vagyis azokba, akik j\u00f3 \u00e9s teljes sz\u00edvvel hallgatj\u00e1k \u00e9s megtartj\u00e1k, a kitart\u00e1suk r\u00e9v\u00e9n gy\u00fcm\u00f6lcs\u00f6t terem<a href=\"v\u00f6. Lk 8,21\" name=\"_ftnref3\">[3];<\/a> a maghoz hasonl\u00edtja, amely, ha j\u00f3 f\u00f6ldbe hull, vagyis azokba, akik j\u00f3 \u00e9s teljes sz\u00edvvel hallgatj\u00e1k \u00e9s megtartj\u00e1k, a kitart\u00e1suk r\u00e9v\u00e9n gy\u00fcm\u00f6lcs\u00f6t terem<a href=\"v\u00f6. Lk 8,15\" name=\"_ftnref4\">[4].<\/a><br \/>\u201eJ\u00e9zus minden ig\u00e9j\u00e9ben ir\u00e1ntunk val\u00f3 szeretet\u00e9t fejezi ki \u2013 \u00edrja Chiara Lubich. \u2013 Testes\u00edts\u00fck meg, tegy\u00fck magunk\u00e9v\u00e1, \u00e9s tapasztaljuk meg, hogy micsoda \u00e9leter\u0151 \u00e1rad szavaib\u00f3l magunk \u00e9s k\u00f6rnyezet\u00fcnk sz\u00e1m\u00e1ra, ha meg\u00e9lj\u00fck \u0151ket!<\/p>\n<p>            [\u2026] Megtapasztaljuk, hogy szabadd\u00e1 v\u00e1lunk \u00f6nmagunkt\u00f3l, a korl\u00e1tainkt\u00f3l, a rabl\u00e1ncainkt\u00f3l. R\u00e1ad\u00e1sk\u00e9nt megl\u00e1tjuk azt a szeretet-forradalmat, amelyet a minket k\u00f6r\u00fclvev\u0151 t\u00e1rsadalmi k\u00f6rnyezetben a benn\u00fcnk szabadon \u00e9l\u0151 J\u00e9zus fog kirobbantani.\u201d<a href=\"K\u00f6z\u00f6ss\u00e9gi m\u00e9rleg 2022. Fokol\u00e1re Mozgalom, https:\/\/www.focolare.org\/wp-content\/uploads\/2024\/01\/BdC-2022-DialogoIT.pdf, 67. o.\" name=\"_ftnref5\">[5]<\/a><br \/><strong>\u201e<\/strong><strong>Cselekedjetek az ige szerint, s ne csak hallgass\u00e1tok, \u00f6nmagatokat \u00e1m\u00edtva<\/strong><strong>\u201d<\/strong><br \/>Hogyan v\u00e1lthatjuk az ig\u00e9t gyakorlatra? N\u00e9zz\u00fcnk k\u00f6r\u00fcl, \u00e9s tegy\u00fcnk meg mindent, amit csak tudunk, hogy a k\u00f6lcs\u00f6n\u00f6s gondoskod\u00e1s kisebb-nagyobb gesztusaival a r\u00e1szorul\u00f3k szolg\u00e1lat\u00e1ba \u00e1lljunk! \u00cdgy \u00e1talak\u00edthatjuk a t\u00e1rsadalom igazs\u00e1gtalan strukt\u00far\u00e1it, szembesz\u00e1llunk az er\u0151szakkal, el\u0151seg\u00edtj\u00fck a b\u00e9ke \u00e9s a kiengesztel\u0151d\u00e9s cselekedeteit, \u00e9s n\u00f6vekedhet\u00fcnk a bolyg\u00f3nk\u00e9rt \u00e9rzett felel\u0151ss\u00e9gteljes tev\u00e9kenys\u00e9gekben.<br \/>Ez hiteles forradalmat hoz az \u00e9let\u00fcnkbe, \u00e9s a k\u00f6z\u00f6ss\u00e9g \u00e9let\u00e9be is, amelyben \u00e9l\u00fcnk vagy dolgozunk.<br \/>A szeretet olyan t\u00e1rsadalmi \u00e9s politikai akci\u00f3kban nyilv\u00e1nul meg, amelyek egy jobb vil\u00e1g \u00e9p\u00edt\u00e9s\u00e9re t\u00f6rekszenek. Egy kis fokol\u00e1re-k\u00f6z\u00f6ss\u00e9g nagy odaad\u00e1ssal volt a legelesettebb emberek ir\u00e1nt, \u00e9s ebb\u0151l sz\u00fcletett a perui L\u00e1mudban, az Amazonas vid\u00e9k\u00e9n, 2330 m\u00e9terrel a tengerszint felett egy id\u0151sek otthona, amelyet a mozgalom alap\u00edt\u00f3j\u00e1r\u00f3l neveztek el.<br \/>\u201eAz int\u00e9zm\u00e9nyt a vil\u00e1gj\u00e1rv\u00e1ny k\u00f6zepette nyitott\u00e1k meg, 50 id\u0151s \u00e9s mag\u00e1nyos embernek ad otthont. A h\u00e1zat, a b\u00fatorokat, az ed\u00e9nyeket \u00e9s m\u00e9g az \u00e9lelmiszert is a szomsz\u00e9dos k\u00f6z\u00f6ss\u00e9gt\u0151l kaptuk aj\u00e1nd\u00e9kba. Kock\u00e1zatos volt, sok neh\u00e9zs\u00e9get \u00e9s akad\u00e1lyt kellett legy\u0151zni, de 2022 m\u00e1rcius\u00e1ban a k\u00f6zpont m\u00e1r az egy\u00e9ves \u00e9vfordul\u00f3j\u00e1t \u00fclte, megnyitotta kapuit a v\u00e1ros el\u0151tt, egy \u00fcnneps\u00e9ggel, amelyen m\u00e9g a politikai vezet\u0151k is r\u00e9szt vettek. <\/p>\n<p>        A k\u00e9tnapos \u00fcnneps\u00e9gre \u00fajabb \u00f6nk\u00e9nteseket is megh\u00edvtak, feln\u0151tteket \u00e9s gyerekeket, akik sz\u00edvesen gondoskodnak \u00e9s tekintik saj\u00e1t csal\u00e1djuknak az itt \u00e9l\u0151 mag\u00e1nyos nagysz\u00fcl\u0151ket.\u201d<a href=\"K\u00f6z\u00f6ss\u00e9gi m\u00e9rleg 2022. Fokol\u00e1re Mozgalom\" name=\"_ftnref6\">[6].<\/a> <em>Patrizia Mazzola \u00e9s az \u00e9letige csoport gondoz\u00e1s\u00e1ban<\/em><a href=\"C. Lubich, Az \u00e9let ig\u00e9i, El\u0151sz\u00f3, Fabio Ciardi gondoz\u00e1s\u00e1ban, (Chiara Lubich M\u0171vei 5), Citt\u00e0 Nuova, R\u00f3ma 2017, 9. o.\" name=\"_ftn1\">[1]<\/a> C. Lubich, <em>Az \u00e9let ig\u00e9i, El\u0151sz\u00f3,<\/em> Fabio Ciardi gondoz\u00e1s\u00e1ban, (Chiara Lubich M\u0171vei 5), Citt\u00e0 Nuova, R\u00f3ma 2017, 9. o. <a href=\"v\u00f6. Lk 11,28\" name=\"_ftn2\">[2] <\/a>v\u00f6. <em>Lk <\/em>11,28 <a href=\"v\u00f6. Lk 8,21\" name=\"_ftn3\">[3<\/a>] v\u00f6. <em>Lk<\/em> 5,21<a href=\"v\u00f6. Lk 8,15\" name=\"_ftn4\"> [4] <\/a>v\u00f6. <em>Lk<\/em> 8,15 <a href=\"C. Lubich, Az \u00e9let ig\u00e9je, 2006. szeptember, \u00daj V\u00e1ros, 2006\/9.\" name=\"_ftn5\">[5]<\/a> C. Lubich, <em>Az \u00e9let ig\u00e9je<\/em>, 2006. szeptember<em>, <\/em>\u00daj V\u00e1ros, 2006\/9.<a href=\"K\u00f6z\u00f6ss\u00e9gi m\u00e9rleg 2022. Fokol\u00e1re Mozgalom, https:\/\/www.focolare.org\/wp-content\/uploads\/2024\/01\/BdC-2022-DialogoIT.pdf, 67. o.\" name=\"_ftn6\">[6]<\/a> <em>K\u00f6z\u00f6ss\u00e9gi m\u00e9rleg 2022. Fokol\u00e1re Mozgalom <\/em><u>https:\/\/www.focolare.org\/wp-<\/u><u>content\/uploads\/2024\/01\/BdC-2022-DialogoIT.pdf<\/u>, 67. o.<\/p>\n<\/div><\/div><\/div><div class=\"fusion-layout-column fusion_builder_column fusion-builder-column-3 fusion_builder_column_1_3 1_3 fusion-flex-column\" style=\"--awb-padding-top:30px;--awb-padding-right:30px;--awb-padding-bottom:10px;--awb-padding-left:30px;--awb-bg-color:var(--awb-custom13);--awb-bg-color-hover:var(--awb-custom13);--awb-bg-size:cover;--awb-width-large:33.333333333333%;--awb-margin-top-large:0px;--awb-spacing-right-large:5.76%;--awb-margin-bottom-large:20px;--awb-spacing-left-large:5.76%;--awb-width-medium:100%;--awb-order-medium:0;--awb-spacing-right-medium:1.92%;--awb-spacing-left-medium:1.92%;--awb-width-small:100%;--awb-order-small:0;--awb-spacing-right-small:1.92%;--awb-spacing-left-small:1.92%;\"><div class=\"fusion-column-wrapper fusion-column-has-shadow fusion-flex-justify-content-flex-start fusion-content-layout-column\"><div class=\"fusion-title title fusion-title-2 fusion-sep-none fusion-title-center fusion-title-text fusion-title-size-four\"><h4 class=\"fusion-title-heading title-heading-center\" style=\"margin:0;\">T\u00f6ltsd le PDF form\u00e1tumban<\/h4><\/div><div style=\"text-align:center;\"><a class=\"fusion-button button-flat fusion-button-default-size button-default fusion-button-default button-1 fusion-button-span-yes fusion-button-default-type\" style=\"--button_margin-bottom:20px;\" target=\"_blank\" rel=\"noopener noreferrer\" href=\"https:\/\/focolare.ro\/wp-content\/uploads\/2024\/08\/CV-09-2024-A5-HU.pdf\"><span class=\"fusion-button-icon-divider button-icon-divider-left\"><i class=\"fa-file-pdf fas awb-button__icon awb-button__icon--default\" aria-hidden=\"true\"><\/i><\/span><span class=\"fusion-button-text awb-button__text awb-button__text--default fusion-button-text-left\">Feln\u0151ttek r\u00e9sz\u00e9re<\/span><\/a><\/div><div style=\"text-align:center;\"><a class=\"fusion-button button-flat fusion-button-default-size button-default fusion-button-default button-2 fusion-button-span-yes fusion-button-default-type\" style=\"--button_margin-bottom:20px;\" target=\"_blank\" rel=\"noopener noreferrer\" href=\"https:\/\/focolare.ro\/wp-content\/uploads\/2024\/09\/ige202409ph_compressed-1_compressed.pdf\"><span class=\"fusion-button-icon-divider button-icon-divider-left\"><i class=\"fa-file-pdf fas awb-button__icon awb-button__icon--default\" aria-hidden=\"true\"><\/i><\/span><span class=\"fusion-button-text awb-button__text awb-button__text--default fusion-button-text-left\">Fiatalok<\/span><\/a><\/div><div style=\"text-align:center;\"><a class=\"fusion-button button-flat fusion-button-default-size button-default fusion-button-default button-3 fusion-button-span-yes fusion-button-default-type\" style=\"--button_margin-bottom:20px;\" target=\"_blank\" rel=\"noopener noreferrer\" href=\"https:\/\/focolare.ro\/wp-content\/uploads\/2024\/09\/Pdv_202409_hu_Color.pdf\"><span class=\"fusion-button-icon-divider button-icon-divider-left\"><i class=\"fa-file-pdf fas awb-button__icon awb-button__icon--default\" aria-hidden=\"true\"><\/i><\/span><span class=\"fusion-button-text awb-button__text awb-button__text--default fusion-button-text-left\">Gyerekeknek sz\u00ednes v\u00e1ltozat<\/span><\/a><\/div><div style=\"text-align:center;\"><a class=\"fusion-button button-flat fusion-button-default-size button-default fusion-button-default button-4 fusion-button-span-yes fusion-button-default-type\" style=\"--button_margin-bottom:20px;\" target=\"_blank\" rel=\"noopener noreferrer\" href=\"https:\/\/focolare.ro\/wp-content\/uploads\/2024\/09\/ige202409kif.pdf\"><span class=\"fusion-button-icon-divider button-icon-divider-left\"><i class=\"fa-file-pdf fas awb-button__icon awb-button__icon--default\" aria-hidden=\"true\"><\/i><\/span><span class=\"fusion-button-text awb-button__text awb-button__text--default fusion-button-text-left\">Gyerekeknek kifest\u0151<\/span><\/a><\/div><\/div><\/div><\/div><\/div><div class=\"fusion-fullwidth fullwidth-box fusion-builder-row-4 fusion-flex-container nonhundred-percent-fullwidth non-hundred-percent-height-scrolling\" style=\"--awb-border-sizes-bottom:3px;--awb-border-color:var(--awb-color5);--awb-border-radius-top-left:0px;--awb-border-radius-top-right:0px;--awb-border-radius-bottom-right:0px;--awb-border-radius-bottom-left:0px;--awb-flex-wrap:wrap;\" ><div class=\"fusion-builder-row fusion-row fusion-flex-align-items-flex-start fusion-flex-content-wrap\" style=\"max-width:1216.8px;margin-left: calc(-4% \/ 2 );margin-right: calc(-4% \/ 2 );\"><\/div><\/div><\/p>\n","protected":false},"excerpt":{"rendered":"","protected":false},"author":10,"featured_media":0,"parent":4123,"menu_order":0,"comment_status":"closed","ping_status":"closed","template":"100-width.php","meta":{"footnotes":""},"class_list":["post-5067","page","type-page","status-publish","hentry"],"_links":{"self":[{"href":"https:\/\/focolare.ro\/hu\/wp-json\/wp\/v2\/pages\/5067","targetHints":{"allow":["GET"]}}],"collection":[{"href":"https:\/\/focolare.ro\/hu\/wp-json\/wp\/v2\/pages"}],"about":[{"href":"https:\/\/focolare.ro\/hu\/wp-json\/wp\/v2\/types\/page"}],"author":[{"embeddable":true,"href":"https:\/\/focolare.ro\/hu\/wp-json\/wp\/v2\/users\/10"}],"replies":[{"embeddable":true,"href":"https:\/\/focolare.ro\/hu\/wp-json\/wp\/v2\/comments?post=5067"}],"version-history":[{"count":8,"href":"https:\/\/focolare.ro\/hu\/wp-json\/wp\/v2\/pages\/5067\/revisions"}],"predecessor-version":[{"id":5121,"href":"https:\/\/focolare.ro\/hu\/wp-json\/wp\/v2\/pages\/5067\/revisions\/5121"}],"up":[{"embeddable":true,"href":"https:\/\/focolare.ro\/hu\/wp-json\/wp\/v2\/pages\/4123"}],"wp:attachment":[{"href":"https:\/\/focolare.ro\/hu\/wp-json\/wp\/v2\/media?parent=5067"}],"curies":[{"name":"wp","href":"https:\/\/api.w.org\/{rel}","templated":true}]}}