{"id":5142,"date":"2022-04-03T14:22:54","date_gmt":"2022-04-03T11:22:54","guid":{"rendered":"https:\/\/focolare.ro\/az-elet-igeje\/az-elet-igeje-2024\/2024-november\/"},"modified":"2024-11-03T19:19:11","modified_gmt":"2024-11-03T17:19:11","slug":"2024-november","status":"publish","type":"page","link":"https:\/\/focolare.ro\/hu\/az-elet-igeje\/az-elet-igeje-2024\/2024-november\/","title":{"rendered":"2024. november"},"content":{"rendered":"<p><div class=\"fusion-fullwidth fullwidth-box fusion-builder-row-1 fusion-flex-container has-pattern-background has-mask-background fusion-parallax-none nonhundred-percent-fullwidth non-hundred-percent-height-scrolling lazyload\" style=\"--awb-border-radius-top-left:0px;--awb-border-radius-top-right:0px;--awb-border-radius-bottom-right:0px;--awb-border-radius-bottom-left:0px;--awb-background-color:var(--awb-custom14);--awb-background-size:cover;--awb-flex-wrap:wrap;\" data-bg=\"https:\/\/focolare.ro\/wp-content\/uploads\/2024\/11\/cvnoiembrie2024.jpg\" ><div class=\"fusion-builder-row fusion-row fusion-flex-align-items-flex-start fusion-flex-content-wrap\" style=\"max-width:1216.8px;margin-left: calc(-4% \/ 2 );margin-right: calc(-4% \/ 2 );\"><div class=\"fusion-layout-column fusion_builder_column fusion-builder-column-0 fusion_builder_column_1_1 1_1 fusion-flex-column\" style=\"--awb-bg-size:cover;--awb-width-large:100%;--awb-margin-top-large:0px;--awb-spacing-right-large:1.92%;--awb-margin-bottom-large:20px;--awb-spacing-left-large:1.92%;--awb-width-medium:100%;--awb-order-medium:0;--awb-spacing-right-medium:1.92%;--awb-spacing-left-medium:1.92%;--awb-width-small:100%;--awb-order-small:0;--awb-spacing-right-small:1.92%;--awb-spacing-left-small:1.92%;\"><div class=\"fusion-column-wrapper fusion-column-has-shadow fusion-flex-justify-content-flex-start fusion-content-layout-column\"><div class=\"fusion-separator fusion-full-width-sep\" style=\"align-self: center;margin-left: auto;margin-right: auto;margin-bottom:200px;width:100%;\"><\/div><div class=\"fusion-title title fusion-title-1 fusion-sep-none fusion-title-text fusion-title-size-two\" style=\"--awb-text-color:var(--awb-color1);\"><h2 class=\"fusion-title-heading title-heading-left\" style=\"margin:0;\">2024. november<\/h2><\/div><\/div><\/div><\/div><\/div><div class=\"fusion-fullwidth fullwidth-box fusion-builder-row-2 fusion-flex-container nonhundred-percent-fullwidth non-hundred-percent-height-scrolling\" style=\"--awb-border-radius-top-left:0px;--awb-border-radius-top-right:0px;--awb-border-radius-bottom-right:0px;--awb-border-radius-bottom-left:0px;--awb-background-color:var(--awb-color1);--awb-flex-wrap:wrap;\" ><div class=\"fusion-builder-row fusion-row fusion-flex-align-items-flex-start fusion-flex-content-wrap\" style=\"max-width:1216.8px;margin-left: calc(-4% \/ 2 );margin-right: calc(-4% \/ 2 );\"><div class=\"fusion-layout-column fusion_builder_column fusion-builder-column-1 fusion_builder_column_1_1 1_1 fusion-flex-column\" style=\"--awb-bg-size:cover;--awb-width-large:100%;--awb-margin-top-large:0px;--awb-spacing-right-large:1.92%;--awb-margin-bottom-large:20px;--awb-spacing-left-large:1.92%;--awb-width-medium:100%;--awb-order-medium:0;--awb-spacing-right-medium:1.92%;--awb-spacing-left-medium:1.92%;--awb-width-small:100%;--awb-order-small:0;--awb-spacing-right-small:1.92%;--awb-spacing-left-small:1.92%;\"><div class=\"fusion-column-wrapper fusion-column-has-shadow fusion-flex-justify-content-flex-start fusion-content-layout-column\"><div class=\"fusion-separator fusion-full-width-sep\" style=\"align-self: center;margin-left: auto;margin-right: auto;margin-bottom:100px;width:100%;\"><\/div><\/div><\/div><\/div><\/div><div class=\"fusion-fullwidth fullwidth-box fusion-builder-row-3 fusion-flex-container nonhundred-percent-fullwidth non-hundred-percent-height-scrolling\" style=\"--awb-border-radius-top-left:0px;--awb-border-radius-top-right:0px;--awb-border-radius-bottom-right:0px;--awb-border-radius-bottom-left:0px;--awb-flex-wrap:wrap;\" ><div class=\"fusion-builder-row fusion-row fusion-flex-align-items-flex-start fusion-flex-content-wrap\" style=\"max-width:1216.8px;margin-left: calc(-4% \/ 2 );margin-right: calc(-4% \/ 2 );\"><div class=\"fusion-layout-column fusion_builder_column fusion-builder-column-2 fusion_builder_column_2_3 2_3 fusion-flex-column\" style=\"--awb-bg-size:cover;--awb-width-large:66.666666666667%;--awb-margin-top-large:0px;--awb-spacing-right-large:2.88%;--awb-margin-bottom-large:20px;--awb-spacing-left-large:2.88%;--awb-width-medium:100%;--awb-order-medium:0;--awb-spacing-right-medium:1.92%;--awb-spacing-left-medium:1.92%;--awb-width-small:100%;--awb-order-small:0;--awb-spacing-right-small:1.92%;--awb-spacing-left-small:1.92%;\"><div class=\"fusion-column-wrapper fusion-column-has-shadow fusion-flex-justify-content-flex-start fusion-content-layout-column\"><div class=\"fusion-text fusion-text-1\" style=\"--awb-text-transform:none;\"><h3><strong>2024. november<\/strong><\/h3>\n<p><strong>\u201e\u0150[aceast\u0103 v\u0103duv\u0103] pedig a maga szeg\u00e9nys\u00e9g\u00e9b\u0151l bedobta minden\u00e9t, amije volt, eg\u00e9sz meg\u00e9lhet\u00e9s\u00e9t.\u201d<\/strong><\/p>\n<p>M\u00e1rk evang\u00e9liuma 12. fejezet\u00e9nek v\u00e9g\u00e9n j\u00e1runk. J\u00e9zus ott van a jeruzs\u00e1lemi templomban; figyel \u00e9s tan\u00edt. Az \u0151 tekintet\u00e9n kereszt\u00fcl mi is szemtan\u00fai lehet\u00fcnk egy sokszerepl\u0151s jelenetnek: emberek j\u00f6nnek-mennek, im\u00e1dkoz\u00f3k, hossz\u00fa k\u00f6nt\u00f6sbe \u00f6lt\u00f6z\u00f6tt el\u0151kel\u0151s\u00e9gek, gazdag emberek, akik a templom persely\u00e9be dobj\u00e1k b\u0151s\u00e9ges adom\u00e1nyukat.<br \/>De j\u00f6n egy \u00f6zvegyasszony is. \u0150 t\u00e1rsadalmilag \u00e9s anyagilag is a h\u00e1tr\u00e1nyos helyzet\u0171 emberek k\u00f6z\u00e9 tartozik. Az \u00e1ltal\u00e1nos \u00e9rdektelens\u00e9g k\u00f6zepette k\u00e9t fill\u00e9rt dob be a perselybe. J\u00e9zus viszont \u00e9szreveszi \u0151t, mag\u00e1hoz h\u00edvja a tan\u00edtv\u00e1nyokat, \u00e9s tan\u00edtja \u0151ket:  <\/p>\n<p><strong>\u201e\u0150 [aceast\u0103 v\u0103duv\u0103] pedig a maga szeg\u00e9nys\u00e9g\u00e9b\u0151l bedobta minden\u00e9t, amije volt, eg\u00e9sz meg\u00e9lhet\u00e9s\u00e9t.\u201d<\/strong><\/p>\n<p>\u201eBizony mondom nektek\u2026\u201d E szavak vezetik be a fontos tan\u00edt\u00e1st; J\u00e9zus tekintete a szeg\u00e9ny \u00f6zvegyasszonyra ir\u00e1nyul, \u00e9s arra h\u00edv benn\u00fcnket, hogy mi is \u0151r\u00e1 tekints\u00fcnk: \u0151 a p\u00e9ldak\u00e9p, az igazi tan\u00edtv\u00e1ny.<br \/>Felt\u00e9tel n\u00e9lk\u00fcl hisz Isten szeretet\u00e9ben, az \u0151 kincse maga Isten. Teljesen r\u00e1b\u00edzza mag\u00e1t, \u00e9s ez\u00e9rt mindent, amit csak tud, oda akar adni a n\u00e1la szeg\u00e9nyebbeknek. Ez a bizalomteljes r\u00e1hagyatkoz\u00e1s az Aty\u00e1ra, bizonyos \u00e9rtelemben el\u0151k\u00e9pe J\u00e9zus \u00f6n\u00e1tad\u00e1s\u00e1nak, amelyet hamarosan majd a szenved\u00e9s\u00e9vel \u00e9s hal\u00e1l\u00e1val fog beteljes\u00edteni. Ez a \u201elelki szeg\u00e9nys\u00e9g\u201d \u00e9s a \u201esz\u00edv tisztas\u00e1ga\u201d[1], amelyet J\u00e9zus hirdetett \u00e9s \u00e9lt.<br \/>Azt k\u00e9ri, hogy \u201ene a gazdags\u00e1gban, hanem Isten szeretet\u00e9ben \u00e9s gondvisel\u00e9s\u00e9ben b\u00edzzunk. [\u2026] Akkor vagyunk \u2019l\u00e9lekben szeg\u00e9nyek\u2019, ha hagyjuk, hogy a m\u00e1sok ir\u00e1nti szeretet vez\u00e9reljen benn\u00fcnket. Akkor megosztjuk \u00e9s a r\u00e1szorul\u00f3k rendelkez\u00e9s\u00e9re bocs\u00e1tjuk, amink van: egy mosolyt, az id\u0151nket, a vagyonunkat, a k\u00e9pess\u00e9geinket. Miut\u00e1n mindent odaadtunk, szeretetb\u0151l, szeg\u00e9nyek lesz\u00fcnk, vagyis \u00fcresek, semmik \u00e9s szabadok, tiszta sz\u00edvvel.\u201d<a href=\"v\u00f6. C. Lubich, Az \u00e9let ig\u00e9je 2003. november, \u00daj V\u00e1ros, 2003\/11.\" name=\"_ftnref1\">[1]<\/a><br \/>J\u00e9zus javaslata felforgatja a mentalit\u00e1sunkat: az \u0151 gondolatainak k\u00f6z\u00e9ppontj\u00e1ban a kicsi, a szeg\u00e9ny, az utols\u00f3 \u00e1ll. <\/p>\n<p><strong>\u201e\u0150 [aceast\u0103 v\u0103duv\u0103] pedig a maga szeg\u00e9nys\u00e9g\u00e9b\u0151l bedobta minden\u00e9t, amije volt, eg\u00e9sz meg\u00e9lhet\u00e9s\u00e9t\u201d<\/strong><\/p>\n<p>Az \u00e9let ig\u00e9je mindenekel\u0151tt arra h\u00edv minket, hogy \u00faj\u00edtsuk meg teljesen a bizalmunkat Isten szeretet\u00e9ben, \u00e9s pr\u00f3b\u00e1ljunk az \u0150 szemsz\u00f6g\u00e9b\u0151l l\u00e1tni, tekints\u00fcnk a l\u00e1tszat m\u00f6g\u00e9, an\u00e9lk\u00fcl hogy \u00edt\u00e9lkezn\u00e9nk \u00e9s m\u00e1sok \u00edt\u00e9let\u00e9re hagyatkozn\u00e1nk, \u00e9s \u00e9rt\u00e9kelj\u00fck minden emberben a pozit\u00edvumot.<br \/>Az aj\u00e1nd\u00e9koz\u00e1s teljess\u00e9g\u00e9t sugallja, ez az evang\u00e9liumi logika, amely b\u00e9k\u00e9ben \u00e9l\u0151 k\u00f6z\u00f6ss\u00e9get \u00e9p\u00edt, mert arra \u00f6szt\u00f6n\u00f6z, hogy t\u00f6r\u0151dj\u00fcnk egym\u00e1ssal. Arra b\u00e1tor\u00edt, hogy a h\u00e9tk\u00f6znapokban, l\u00e1tszat <br \/>n\u00e9lk\u00fcl \u00e9lj\u00fck meg az evang\u00e9liumot, hogy adakozzunk nagylelk\u0171en \u00e9s bizalommal, hogy j\u00f3zanul \u00e9s javainkat megosztva \u00e9lj\u00fcnk. Arra h\u00edv, hogy figyelj\u00fcnk a legkisebbekre, hogy tanuljunk t\u0151l\u00fck.<br \/>Venant Burundiban sz\u00fcletett \u00e9s n\u0151tt fel. Ezt mes\u00e9li: \u201eA faluban a csal\u00e1domnak j\u00f3l m\u0171k\u00f6d\u0151 gazdas\u00e1ga volt, j\u00f3 term\u00e9ssel. \u00c9desany\u00e1m tudta, hogy minden \u00e9gi gondvisel\u00e9s, \u00edgy amikor begy\u0171jt\u00f6tte a korai term\u00e9st, pontosan elosztotta a k\u00f6rny\u00e9kbeliek k\u00f6z\u00f6tt, kezdve a legszeg\u00e9nyebb csal\u00e1dokkal, \u00e9s csak egy kis r\u00e9szt hagyott nek\u00fcnk abb\u00f3l, ami megmaradt. Ebb\u0151l a p\u00e9ld\u00e1b\u00f3l tanultam meg az \u00f6nzetlen adakoz\u00e1s \u00e9rt\u00e9k\u00e9t. Meg\u00e9rtettem, hogy Isten azt k\u00e9ri, hogy adjam neki a legjobb r\u00e9szt, s\u0151t, hogy adjam neki az eg\u00e9sz \u00e9letemet.\u201d<\/p>\n<p><em>Letizia Magri \u00e9s az \u00e9letige csoport gondoz\u00e1s\u00e1ban<\/em><\/p>\n<p><a href=\"v\u00f6.\" name=\"_ftn1\">[1]<\/a> v\u00f6. C. Lubich, <em>Az \u00e9let ig\u00e9je<\/em> 2003. november, \u00daj V\u00e1ros, 2003\/11.<\/p>\n<\/div><\/div><\/div><div class=\"fusion-layout-column fusion_builder_column fusion-builder-column-3 fusion_builder_column_1_3 1_3 fusion-flex-column\" style=\"--awb-padding-top:30px;--awb-padding-right:30px;--awb-padding-bottom:10px;--awb-padding-left:30px;--awb-bg-color:var(--awb-custom13);--awb-bg-color-hover:var(--awb-custom13);--awb-bg-size:cover;--awb-width-large:33.333333333333%;--awb-margin-top-large:0px;--awb-spacing-right-large:5.76%;--awb-margin-bottom-large:20px;--awb-spacing-left-large:5.76%;--awb-width-medium:100%;--awb-order-medium:0;--awb-spacing-right-medium:1.92%;--awb-spacing-left-medium:1.92%;--awb-width-small:100%;--awb-order-small:0;--awb-spacing-right-small:1.92%;--awb-spacing-left-small:1.92%;\"><div class=\"fusion-column-wrapper fusion-column-has-shadow fusion-flex-justify-content-flex-start fusion-content-layout-column\"><div class=\"fusion-title title fusion-title-2 fusion-sep-none fusion-title-center fusion-title-text fusion-title-size-four\"><h4 class=\"fusion-title-heading title-heading-center\" style=\"margin:0;\">T\u00f6ltsd le PDF form\u00e1tumban<\/h4><\/div><div style=\"text-align:center;\"><a class=\"fusion-button button-flat fusion-button-default-size button-default fusion-button-default button-1 fusion-button-span-yes fusion-button-default-type\" style=\"--button_margin-bottom:20px;\" target=\"_blank\" rel=\"noopener noreferrer\" href=\"https:\/\/focolare.ro\/wp-content\/uploads\/2024\/11\/CV-11-2024-A5-HU.pdf\"><span class=\"fusion-button-icon-divider button-icon-divider-left\"><i class=\"fa-file-pdf fas awb-button__icon awb-button__icon--default\" aria-hidden=\"true\"><\/i><\/span><span class=\"fusion-button-text awb-button__text awb-button__text--default fusion-button-text-left\">Feln\u0151ttek r\u00e9sz\u00e9re<\/span><\/a><\/div><div style=\"text-align:center;\"><a class=\"fusion-button button-flat fusion-button-default-size button-default fusion-button-default button-2 fusion-button-span-yes fusion-button-default-type\" style=\"--button_margin-bottom:20px;\" target=\"_blank\" rel=\"noopener noreferrer\" href=\"https:\/\/focolare.ro\/wp-content\/uploads\/2024\/09\/ige202409ph_compressed-1_compressed.pdf\"><span class=\"fusion-button-icon-divider button-icon-divider-left\"><i class=\"fa-file-pdf fas awb-button__icon awb-button__icon--default\" aria-hidden=\"true\"><\/i><\/span><span class=\"fusion-button-text awb-button__text awb-button__text--default fusion-button-text-left\">Fiatalok<\/span><\/a><\/div><div style=\"text-align:center;\"><a class=\"fusion-button button-flat fusion-button-default-size button-default fusion-button-default button-3 fusion-button-span-yes fusion-button-default-type\" style=\"--button_margin-bottom:20px;\" target=\"_blank\" rel=\"noopener noreferrer\" href=\"https:\/\/focolare.ro\/wp-content\/uploads\/2024\/11\/Pdv_202411_hu_Color.pdf\"><span class=\"fusion-button-icon-divider button-icon-divider-left\"><i class=\"fa-file-pdf fas awb-button__icon awb-button__icon--default\" aria-hidden=\"true\"><\/i><\/span><span class=\"fusion-button-text awb-button__text awb-button__text--default fusion-button-text-left\">Gyerekeknek sz\u00ednes v\u00e1ltozat<\/span><\/a><\/div><div style=\"text-align:center;\"><a class=\"fusion-button button-flat fusion-button-default-size button-default fusion-button-default button-4 fusion-button-span-yes fusion-button-default-type\" style=\"--button_margin-bottom:20px;\" target=\"_blank\" rel=\"noopener noreferrer\" href=\"https:\/\/focolare.ro\/wp-content\/uploads\/2024\/11\/ige202411kif.pdf\"><span class=\"fusion-button-icon-divider button-icon-divider-left\"><i class=\"fa-file-pdf fas awb-button__icon awb-button__icon--default\" aria-hidden=\"true\"><\/i><\/span><span class=\"fusion-button-text awb-button__text awb-button__text--default fusion-button-text-left\">Gyerekeknek kifest\u0151<\/span><\/a><\/div><\/div><\/div><\/div><\/div><div class=\"fusion-fullwidth fullwidth-box fusion-builder-row-4 fusion-flex-container nonhundred-percent-fullwidth non-hundred-percent-height-scrolling\" style=\"--awb-border-sizes-bottom:3px;--awb-border-color:var(--awb-color5);--awb-border-radius-top-left:0px;--awb-border-radius-top-right:0px;--awb-border-radius-bottom-right:0px;--awb-border-radius-bottom-left:0px;--awb-flex-wrap:wrap;\" ><div class=\"fusion-builder-row fusion-row fusion-flex-align-items-flex-start fusion-flex-content-wrap\" style=\"max-width:1216.8px;margin-left: calc(-4% \/ 2 );margin-right: calc(-4% \/ 2 );\"><\/div><\/div><\/p>\n","protected":false},"excerpt":{"rendered":"","protected":false},"author":10,"featured_media":0,"parent":4123,"menu_order":0,"comment_status":"closed","ping_status":"closed","template":"100-width.php","meta":{"footnotes":""},"class_list":["post-5142","page","type-page","status-publish","hentry"],"_links":{"self":[{"href":"https:\/\/focolare.ro\/hu\/wp-json\/wp\/v2\/pages\/5142","targetHints":{"allow":["GET"]}}],"collection":[{"href":"https:\/\/focolare.ro\/hu\/wp-json\/wp\/v2\/pages"}],"about":[{"href":"https:\/\/focolare.ro\/hu\/wp-json\/wp\/v2\/types\/page"}],"author":[{"embeddable":true,"href":"https:\/\/focolare.ro\/hu\/wp-json\/wp\/v2\/users\/10"}],"replies":[{"embeddable":true,"href":"https:\/\/focolare.ro\/hu\/wp-json\/wp\/v2\/comments?post=5142"}],"version-history":[{"count":2,"href":"https:\/\/focolare.ro\/hu\/wp-json\/wp\/v2\/pages\/5142\/revisions"}],"predecessor-version":[{"id":5144,"href":"https:\/\/focolare.ro\/hu\/wp-json\/wp\/v2\/pages\/5142\/revisions\/5144"}],"up":[{"embeddable":true,"href":"https:\/\/focolare.ro\/hu\/wp-json\/wp\/v2\/pages\/4123"}],"wp:attachment":[{"href":"https:\/\/focolare.ro\/hu\/wp-json\/wp\/v2\/media?parent=5142"}],"curies":[{"name":"wp","href":"https:\/\/api.w.org\/{rel}","templated":true}]}}