{"id":5597,"date":"2022-04-03T14:22:54","date_gmt":"2022-04-03T11:22:54","guid":{"rendered":"https:\/\/focolare.ro\/az-elet-igeje\/elet-ige-2025\/2025-december\/"},"modified":"2025-12-04T15:32:56","modified_gmt":"2025-12-04T13:32:56","slug":"2025-december","status":"publish","type":"page","link":"https:\/\/focolare.ro\/hu\/az-elet-igeje\/elet-ige-2025\/2025-december\/","title":{"rendered":"2025. december"},"content":{"rendered":"<p><div class=\"fusion-fullwidth fullwidth-box fusion-builder-row-1 fusion-flex-container has-pattern-background has-mask-background fusion-parallax-none nonhundred-percent-fullwidth non-hundred-percent-height-scrolling lazyload\" style=\"--awb-border-radius-top-left:0px;--awb-border-radius-top-right:0px;--awb-border-radius-bottom-right:0px;--awb-border-radius-bottom-left:0px;--awb-background-color:var(--awb-custom14);--awb-background-size:cover;--awb-flex-wrap:wrap;\" data-bg=\"https:\/\/focolare.ro\/wp-content\/uploads\/2025\/12\/cvdecembrie2025.jpg\" ><div class=\"fusion-builder-row fusion-row fusion-flex-align-items-flex-start fusion-flex-content-wrap\" style=\"max-width:1216.8px;margin-left: calc(-4% \/ 2 );margin-right: calc(-4% \/ 2 );\"><div class=\"fusion-layout-column fusion_builder_column fusion-builder-column-0 fusion_builder_column_1_1 1_1 fusion-flex-column\" style=\"--awb-bg-size:cover;--awb-width-large:100%;--awb-margin-top-large:0px;--awb-spacing-right-large:1.92%;--awb-margin-bottom-large:20px;--awb-spacing-left-large:1.92%;--awb-width-medium:100%;--awb-order-medium:0;--awb-spacing-right-medium:1.92%;--awb-spacing-left-medium:1.92%;--awb-width-small:100%;--awb-order-small:0;--awb-spacing-right-small:1.92%;--awb-spacing-left-small:1.92%;\"><div class=\"fusion-column-wrapper fusion-column-has-shadow fusion-flex-justify-content-flex-start fusion-content-layout-column\"><div class=\"fusion-separator fusion-full-width-sep\" style=\"align-self: center;margin-left: auto;margin-right: auto;margin-bottom:200px;width:100%;\"><\/div><div class=\"fusion-title title fusion-title-1 fusion-sep-none fusion-title-text fusion-title-size-two\" style=\"--awb-text-color:var(--awb-color1);\"><h2 class=\"fusion-title-heading title-heading-left\" style=\"margin:0;\">2025. december<\/h2><\/div><\/div><\/div><\/div><\/div><div class=\"fusion-fullwidth fullwidth-box fusion-builder-row-2 fusion-flex-container nonhundred-percent-fullwidth non-hundred-percent-height-scrolling\" style=\"--awb-border-radius-top-left:0px;--awb-border-radius-top-right:0px;--awb-border-radius-bottom-right:0px;--awb-border-radius-bottom-left:0px;--awb-background-color:var(--awb-color1);--awb-flex-wrap:wrap;\" ><div class=\"fusion-builder-row fusion-row fusion-flex-align-items-flex-start fusion-flex-content-wrap\" style=\"max-width:1216.8px;margin-left: calc(-4% \/ 2 );margin-right: calc(-4% \/ 2 );\"><div class=\"fusion-layout-column fusion_builder_column fusion-builder-column-1 fusion_builder_column_1_1 1_1 fusion-flex-column\" style=\"--awb-bg-size:cover;--awb-width-large:100%;--awb-margin-top-large:0px;--awb-spacing-right-large:1.92%;--awb-margin-bottom-large:20px;--awb-spacing-left-large:1.92%;--awb-width-medium:100%;--awb-order-medium:0;--awb-spacing-right-medium:1.92%;--awb-spacing-left-medium:1.92%;--awb-width-small:100%;--awb-order-small:0;--awb-spacing-right-small:1.92%;--awb-spacing-left-small:1.92%;\"><div class=\"fusion-column-wrapper fusion-column-has-shadow fusion-flex-justify-content-flex-start fusion-content-layout-column\"><div class=\"fusion-separator fusion-full-width-sep\" style=\"align-self: center;margin-left: auto;margin-right: auto;margin-bottom:100px;width:100%;\"><\/div><\/div><\/div><\/div><\/div><div class=\"fusion-fullwidth fullwidth-box fusion-builder-row-3 fusion-flex-container nonhundred-percent-fullwidth non-hundred-percent-height-scrolling\" style=\"--awb-border-radius-top-left:0px;--awb-border-radius-top-right:0px;--awb-border-radius-bottom-right:0px;--awb-border-radius-bottom-left:0px;--awb-flex-wrap:wrap;\" ><div class=\"fusion-builder-row fusion-row fusion-flex-align-items-flex-start fusion-flex-content-wrap\" style=\"max-width:1216.8px;margin-left: calc(-4% \/ 2 );margin-right: calc(-4% \/ 2 );\"><div class=\"fusion-layout-column fusion_builder_column fusion-builder-column-2 fusion_builder_column_2_3 2_3 fusion-flex-column\" style=\"--awb-bg-size:cover;--awb-width-large:66.666666666667%;--awb-margin-top-large:0px;--awb-spacing-right-large:2.88%;--awb-margin-bottom-large:20px;--awb-spacing-left-large:2.88%;--awb-width-medium:100%;--awb-order-medium:0;--awb-spacing-right-medium:1.92%;--awb-spacing-left-medium:1.92%;--awb-width-small:100%;--awb-order-small:0;--awb-spacing-right-small:1.92%;--awb-spacing-left-small:1.92%;\"><div class=\"fusion-column-wrapper fusion-column-has-shadow fusion-flex-justify-content-flex-start fusion-content-layout-column\"><div class=\"fusion-text fusion-text-1\" style=\"--awb-text-transform:none;\"><h3><strong>2025. december<\/strong><\/h3>\n<p><strong>Megl\u00e1tja a f\u00f6ld minden hat\u00e1ra Isten\u00fcnk szabad\u00edt\u00e1s\u00e1t. (Iz 52,10)<\/strong><\/p>\n<p>Babilonba sz\u00e1m\u0171zve Izrael n\u00e9pe mindent elvesztett: f\u00f6ldj\u00e9t, kir\u00e1ly\u00e1t, templom\u00e1t, \u00e9s ezzel egy\u00fctt a lehet\u0151s\u00e9get is, hogy im\u00e1dja Istent, aki kor\u00e1bban kivezette \u0151ket Egyiptomb\u00f3l.<\/p>\n<p>De \u00edme, egy pr\u00f3f\u00e9ta hangja megd\u00f6bbent\u0151 kijelent\u00e9st tesz: ideje hazat\u00e9rni.<br \/>\nIsten ism\u00e9t hatalommal fog k\u00f6zbeavatkozni, \u00e9s az izraelit\u00e1kat a sivatagon \u00e1t Jeruzs\u00e1lembe vezeti, \u00e9s a f\u00f6ld minden n\u00e9pe tan\u00faja lesz e csod\u00e1latos esem\u00e9nynek.<\/p>\n<p><strong>Megl\u00e1tja a f\u00f6ld minden hat\u00e1ra Isten\u00fcnk szabad\u00edt\u00e1s\u00e1t<\/strong><\/p>\n<p>A h\u00edrek ma is tele vannak r\u00e9miszt\u0151 esem\u00e9nyekkel: az emberek egyes orsz\u00e1gokban munkan\u00e9lk\u00fcliekk\u00e9 v\u00e1lnak, nemcsak az \u00e1ll\u00e1sukat, de az eg\u00e9szs\u00e9g\u00fcket, a biztons\u00e1gukat \u00e9s a m\u00e9lt\u00f3s\u00e1gukat is elvesz\u00edtik. F\u0151leg a fiatalok j\u00f6v\u0151je ker\u00fcl vesz\u00e9lybe a h\u00e1bor\u00fa \u00e9s a kl\u00edmav\u00e1ltoz\u00e1s \u00e1ltal okozott szeg\u00e9nys\u00e9g miatt ezekben az orsz\u00e1gokban. Eg\u00e9sz n\u00e9pek \u00e9lik \u00e1t, hogy nincs t\u00f6bb\u00e9 orsz\u00e1guk, nincs b\u00e9ke \u00e9s szabads\u00e1g.<\/p>\n<p>Egy l\u00e9legzetel\u00e1ll\u00edt\u00f3, tragikus \u00e9s bolyg\u00f3szint\u0171 forgat\u00f3k\u00f6nyv s\u00f6t\u00e9t\u00edti el a horizontot.<br \/>\nKi ment meg minket att\u00f3l, hogy elpusztuljon, amit a magunk\u00e9nak hitt\u00fcnk? \u00dagy t\u0171nik, m\u00e1r nincs ok a rem\u00e9nyre. Pedig a pr\u00f3f\u00e9ta \u00fczenete nek\u00fcnk is sz\u00f3l:<\/p>\n<p><strong>Megl\u00e1tja a f\u00f6ld minden hat\u00e1ra Isten\u00fcnk szabad\u00edt\u00e1s\u00e1t<\/strong><\/p>\n<p>Az ige felt\u00e1rja Isten tetteit szem\u00e9lyes \u00e9s k\u00f6z\u00f6s t\u00f6rt\u00e9net\u00fcnkben, \u00e9s arra h\u00edv, hogy nyissuk fel a szem\u00fcnket, vegy\u00fck \u00e9szre megv\u00e1lt\u00f3 terv\u00e9nek a jeleit. Ez a terv ugyanis ott rejt\u0151zik, \u00e9s m\u00e1r m\u0171k\u00f6dik p\u00e9ld\u00e1ul egy szenved\u00e9llyel oktat\u00f3 tan\u00e1rban, egy v\u00e1llalkoz\u00f3 becs\u00fcletess\u00e9g\u00e9ben, egy k\u00f6ztisztvisel\u0151 feddhetetlens\u00e9g\u00e9ben, egy h\u00e1zasp\u00e1r h\u0171s\u00e9g\u00e9ben, egy gyermek \u00f6lel\u00e9s\u00e9ben, egy beteg\u00e1pol\u00f3 gyeng\u00e9ds\u00e9g\u00e9ben, egy nagymama t\u00fcrelm\u00e9ben, vagy \u00e9ppen a b\u0171n\u00f6z\u00e9s ellen b\u00e9k\u00e9sen fell\u00e9p\u0151 f\u00e9rfiak \u00e9s n\u0151k b\u00e1tors\u00e1g\u00e1ban, vagy egy befogad\u00f3 k\u00f6z\u00f6ss\u00e9gben.<\/p>\n<p><strong>Megl\u00e1tja a f\u00f6ld minden hat\u00e1ra Isten\u00fcnk szabad\u00edt\u00e1s\u00e1t<\/strong><\/p>\n<p>K\u00f6zeledik a kar\u00e1csony.<br \/>\nA Gyermek lefegyverz\u0151 \u00e1rtatlans\u00e1ga is jel, amelyben ism\u00e9t felismerhetj\u00fck, hogy Isten t\u00fcrelmesen \u00e9s irgalmasan jelen van az emberis\u00e9g t\u00f6rt\u00e9nelm\u00e9ben. R\u00f3la tan\u00faskodhatunk a t\u00f6bbs\u00e9ggel szembemen\u0151 d\u00f6nt\u00e9seinkkel:<\/p>\n<p>\u201e[\u2026] egy olyan vil\u00e1gban, mint a mi\u00e9nk, ahol az er\u0151sebb, a ravaszabb t\u00f6rv\u00e9nye \u00e9rv\u00e9nyes\u00fcl, el\u0151nyben van a k\u00f6nnyelm\u0171s\u00e9g \u00e9s felel\u0151tlens\u00e9g, \u00e9s ahol n\u00e9ha \u00fagy t\u0171nik, hogy mindent megb\u00e9n\u00edt az anyagiass\u00e1g \u00e9s az \u00f6nz\u00e9s, ott a testv\u00e9ri szeretet v\u00e1lasz\u00e1t kell adnunk. Ez az az orvoss\u00e1g, mely gy\u00f3gy\u00edtani tud. [\u2026] Olyan ez, mint az isteni melegs\u00e9g hull\u00e1ma, mely kisug\u00e1rzik \u00e9s tovaterjed, behatol az emberek k\u00f6z\u00f6tti viszonyokba, megold\u00e1st ad az emberi kapcsolatokban, \u00e9s lassan-lassan megv\u00e1ltoztatja a t\u00e1rsadalmat.\u201d<a href=\"http:\/\/C.%20Lubich,%20Az%20\u00e9let%20ig\u00e9je,%201985.%20m\u00e1jus\" name=\"_ftnref1\">[1]<\/a><\/p>\n<p>Izrael n\u00e9p\u00e9hez hasonl\u00f3an sz\u00e1munkra is itt az id\u0151, hogy \u00fatra kelj\u00fcnk, hogy hat\u00e1rozott l\u00e9p\u00e9st tegy\u00fcnk azok fel\u00e9, akik \u2013 fiatalok vagy id\u0151sek, szeg\u00e9nyek vagy menek\u00fcltek, munkan\u00e9lk\u00fcliek vagy hajl\u00e9ktalanok, betegek vagy fogvatartottak \u2013 gondoskod\u00e1sunk \u00e9s k\u00f6zels\u00e9g\u00fcnk egy-egy gesztus\u00e1ra v\u00e1rnak, mely Isten szeretet\u00e9nek szel\u00edd, de hat\u00e9kony jelenl\u00e9t\u00e9r\u0151l tan\u00faskodik k\u00f6z\u00f6tt\u00fcnk.<\/p>\n<p>Napjainkban a rem\u00e9ny \u00fczenet\u00e9nek \u00e1t kell l\u00e9pnie a f\u00f6ldrajzi hat\u00e1rokon, melyek oly sokszor v\u00e1ltak fall\u00e1 vagy f\u00e1jdalmas h\u00e1bor\u00fas frontt\u00e1, s\u0151t a kultur\u00e1lis \u00e9s egzisztenci\u00e1lis hat\u00e1rokon is. Ezen t\u00fal m\u00e9g a fiatalok digit\u00e1lis k\u00f6z\u00f6ss\u00e9gei is hat\u00e9konyan j\u00e1rulhatnak hozz\u00e1 az agresszivit\u00e1s, a mag\u00e1ny \u00e9s a kirekeszt\u00e9s lek\u00fczd\u00e9s\u00e9hez.<\/p>\n<p>Ahogy a kong\u00f3i k\u00f6lt\u0151 Henri Boukoulou \u00edrja: \u201e[\u2026] \u00d3, isteni rem\u00e9ny! A sz\u00e9l k\u00e9ts\u00e9gbeesett zokog\u00e1s\u00e1b\u00f3l kezd felhangzani a legszebb szerelmes vers kezdete: \u00d3 holnap, \u00f3 rem\u00e9ny!\u201d <a href=\"#_ftn2\" name=\"_ftnref2\">[2]<\/a><\/p>\n<p><em>Letizia Magri \u00e9s az \u00e9letige csoport gondoz\u00e1s\u00e1ban<\/em><\/p>\n<p><a href=\"#_ftnref1\" name=\"_ftn1\">[1]<\/a> C. Lubich, Az \u00e9let ig\u00e9je, 1985. m\u00e1jus<\/p>\n<p><a href=\"#_ftnref2\" name=\"_ftn2\">[2]<\/a> v\u00f6. AA.VV. Poeti Africani Anti-Apartheid, I vol., Edizioni dell\u2019Arco, Milano, 2003.<\/p>\n<\/div><\/div><\/div><div class=\"fusion-layout-column fusion_builder_column fusion-builder-column-3 fusion_builder_column_1_3 1_3 fusion-flex-column\" style=\"--awb-padding-top:30px;--awb-padding-right:30px;--awb-padding-bottom:10px;--awb-padding-left:30px;--awb-bg-color:var(--awb-custom13);--awb-bg-color-hover:var(--awb-custom13);--awb-bg-size:cover;--awb-width-large:33.333333333333%;--awb-margin-top-large:0px;--awb-spacing-right-large:5.76%;--awb-margin-bottom-large:20px;--awb-spacing-left-large:5.76%;--awb-width-medium:100%;--awb-order-medium:0;--awb-spacing-right-medium:1.92%;--awb-spacing-left-medium:1.92%;--awb-width-small:100%;--awb-order-small:0;--awb-spacing-right-small:1.92%;--awb-spacing-left-small:1.92%;\"><div class=\"fusion-column-wrapper fusion-column-has-shadow fusion-flex-justify-content-flex-start fusion-content-layout-column\"><div class=\"fusion-title title fusion-title-2 fusion-sep-none fusion-title-center fusion-title-text fusion-title-size-four\"><h4 class=\"fusion-title-heading title-heading-center\" style=\"margin:0;\">T\u00f6ltsd le PDF form\u00e1tumban<\/h4><\/div><div style=\"text-align:center;\"><a class=\"fusion-button button-flat fusion-button-default-size button-default fusion-button-default button-1 fusion-button-span-yes fusion-button-default-type\" style=\"--button_margin-bottom:20px;\" target=\"_blank\" rel=\"noopener noreferrer\" href=\"https:\/\/focolare.ro\/wp-content\/uploads\/2025\/12\/CV-12-2025-A5-HU.pdf\"><span class=\"fusion-button-icon-divider button-icon-divider-left\"><i class=\"fa-file-pdf fas awb-button__icon awb-button__icon--default\" aria-hidden=\"true\"><\/i><\/span><span class=\"fusion-button-text awb-button__text awb-button__text--default fusion-button-text-left\">Feln\u0151ttek r\u00e9sz\u00e9re<\/span><\/a><\/div><div style=\"text-align:center;\"><a class=\"fusion-button button-flat fusion-button-default-size button-default fusion-button-default button-2 fusion-button-span-yes fusion-button-default-type\" style=\"--button_margin-bottom:20px;\" target=\"_blank\" rel=\"noopener noreferrer\" href=\"https:\/\/focolare.ro\/wp-content\/uploads\/2025\/12\/ige202512ph1.pdf\"><span class=\"fusion-button-icon-divider button-icon-divider-left\"><i class=\"fa-file-pdf fas awb-button__icon awb-button__icon--default\" aria-hidden=\"true\"><\/i><\/span><span class=\"fusion-button-text awb-button__text awb-button__text--default fusion-button-text-left\">Fiatalok<\/span><\/a><\/div><div style=\"text-align:center;\"><a class=\"fusion-button button-flat fusion-button-default-size button-default fusion-button-default button-3 fusion-button-span-yes fusion-button-default-type\" style=\"--button_margin-bottom:20px;\" target=\"_blank\" rel=\"noopener noreferrer\" href=\"https:\/\/focolare.ro\/wp-content\/uploads\/2025\/12\/Pdv_202512_hu_Color.pdf\"><span class=\"fusion-button-icon-divider button-icon-divider-left\"><i class=\"fa-file-pdf fas awb-button__icon awb-button__icon--default\" aria-hidden=\"true\"><\/i><\/span><span class=\"fusion-button-text awb-button__text awb-button__text--default fusion-button-text-left\">Gyerekeknek sz\u00ednes v\u00e1ltozat<\/span><\/a><\/div><div style=\"text-align:center;\"><a class=\"fusion-button button-flat fusion-button-default-size button-default fusion-button-default button-4 fusion-button-span-yes fusion-button-default-type\" style=\"--button_margin-bottom:20px;\" target=\"_blank\" rel=\"noopener noreferrer\" href=\"https:\/\/focolare.ro\/wp-content\/uploads\/2025\/12\/Pdv_202512_hu_BW.pdf\"><span class=\"fusion-button-icon-divider button-icon-divider-left\"><i class=\"fa-file-pdf fas awb-button__icon awb-button__icon--default\" aria-hidden=\"true\"><\/i><\/span><span class=\"fusion-button-text awb-button__text awb-button__text--default fusion-button-text-left\">Gyerekeknek kifest\u0151<\/span><\/a><\/div><\/div><\/div><\/div><\/div><div class=\"fusion-fullwidth fullwidth-box fusion-builder-row-4 fusion-flex-container nonhundred-percent-fullwidth non-hundred-percent-height-scrolling\" style=\"--awb-border-sizes-bottom:3px;--awb-border-color:var(--awb-color5);--awb-border-radius-top-left:0px;--awb-border-radius-top-right:0px;--awb-border-radius-bottom-right:0px;--awb-border-radius-bottom-left:0px;--awb-flex-wrap:wrap;\" ><div class=\"fusion-builder-row fusion-row fusion-flex-align-items-flex-start fusion-flex-content-wrap\" style=\"max-width:1216.8px;margin-left: calc(-4% \/ 2 );margin-right: calc(-4% \/ 2 );\"><\/div><\/div><\/p>\n","protected":false},"excerpt":{"rendered":"","protected":false},"author":10,"featured_media":0,"parent":5217,"menu_order":0,"comment_status":"closed","ping_status":"closed","template":"100-width.php","meta":{"footnotes":""},"class_list":["post-5597","page","type-page","status-publish","hentry"],"_links":{"self":[{"href":"https:\/\/focolare.ro\/hu\/wp-json\/wp\/v2\/pages\/5597","targetHints":{"allow":["GET"]}}],"collection":[{"href":"https:\/\/focolare.ro\/hu\/wp-json\/wp\/v2\/pages"}],"about":[{"href":"https:\/\/focolare.ro\/hu\/wp-json\/wp\/v2\/types\/page"}],"author":[{"embeddable":true,"href":"https:\/\/focolare.ro\/hu\/wp-json\/wp\/v2\/users\/10"}],"replies":[{"embeddable":true,"href":"https:\/\/focolare.ro\/hu\/wp-json\/wp\/v2\/comments?post=5597"}],"version-history":[{"count":9,"href":"https:\/\/focolare.ro\/hu\/wp-json\/wp\/v2\/pages\/5597\/revisions"}],"predecessor-version":[{"id":5612,"href":"https:\/\/focolare.ro\/hu\/wp-json\/wp\/v2\/pages\/5597\/revisions\/5612"}],"up":[{"embeddable":true,"href":"https:\/\/focolare.ro\/hu\/wp-json\/wp\/v2\/pages\/5217"}],"wp:attachment":[{"href":"https:\/\/focolare.ro\/hu\/wp-json\/wp\/v2\/media?parent=5597"}],"curies":[{"name":"wp","href":"https:\/\/api.w.org\/{rel}","templated":true}]}}